{"id":11,"date":"2023-08-17T09:53:34","date_gmt":"2023-08-17T12:53:34","guid":{"rendered":"https:\/\/rennerpsicologo.com.br\/?page_id=11"},"modified":"2025-03-22T15:36:36","modified_gmt":"2025-03-22T18:36:36","slug":"paginalinicial","status":"publish","type":"page","link":"https:\/\/rennerpsicologo.com.br\/","title":{"rendered":"Psicoterapia Online"},"content":{"rendered":"\t\t<div data-elementor-type=\"wp-page\" data-elementor-id=\"11\" class=\"elementor elementor-11\">\n\t\t\t\t\t\t<section class=\"elementor-section elementor-top-section elementor-element elementor-element-d1fb384 elementor-section-boxed elementor-section-height-default elementor-section-height-default wpr-particle-no wpr-jarallax-no wpr-parallax-no wpr-sticky-section-no wpr-equal-height-no\" data-id=\"d1fb384\" data-element_type=\"section\" id=\"topp\">\n\t\t\t\t\t\t<div class=\"elementor-container elementor-column-gap-default\">\n\t\t\t\t\t<div class=\"elementor-column elementor-col-100 elementor-top-column elementor-element elementor-element-a8a25b5\" data-id=\"a8a25b5\" data-element_type=\"column\">\n\t\t\t<div class=\"elementor-widget-wrap\">\n\t\t\t\t\t\t\t<\/div>\n\t\t<\/div>\n\t\t\t\t\t<\/div>\n\t\t<\/section>\n\t\t\t\t<section data-wpr-sticky-section=\"yes\" data-wpr-position-type=\"sticky\" data-wpr-position-offset=\"0\" data-wpr-position-location=\"top\" data-wpr-sticky-devices=\"desktop_sticky\" data-wpr-custom-breakpoints=\"\" data-wpr-active-breakpoints=\"mobile_sticky tablet_sticky desktop_sticky\" data-wpr-z-index=\"10\" data-wpr-sticky-hide=\"\" data-wpr-replace-header=\"\" data-wpr-animation-duration=\"\" data-wpr-sticky-type=\"sticky\" class=\"elementor-section elementor-top-section elementor-element elementor-element-c0b3333 elementor-section-content-middle wpr-sticky-section-yes elementor-section-boxed elementor-section-height-default elementor-section-height-default wpr-particle-no wpr-jarallax-no wpr-parallax-no wpr-equal-height-no\" data-id=\"c0b3333\" data-element_type=\"section\" id=\"eu\" data-settings=\"{&quot;position_offset&quot;:0,&quot;position_offset_tablet&quot;:0,&quot;position_offset_mobile&quot;:0}\">\n\t\t\t\t\t\t<div class=\"elementor-container elementor-column-gap-default\">\n\t\t\t\t\t<div class=\"elementor-column elementor-col-100 elementor-top-column elementor-element elementor-element-25599cd\" data-id=\"25599cd\" data-element_type=\"column\" data-settings=\"{&quot;background_background&quot;:&quot;gradient&quot;}\">\n\t\t\t<div class=\"elementor-widget-wrap elementor-element-populated\">\n\t\t\t\t\t\t<div class=\"elementor-element elementor-element-dd31e7b animated-slow elementor-fixed elementor-hidden-desktop eael-simple-menu-hamburger-align-right eael-hamburger--tablet elementor-invisible elementor-widget elementor-widget-eael-simple-menu\" data-id=\"dd31e7b\" data-element_type=\"widget\" data-settings=\"{&quot;_animation&quot;:&quot;slideInRight&quot;,&quot;_animation_delay&quot;:100,&quot;_position&quot;:&quot;fixed&quot;}\" data-widget_type=\"eael-simple-menu.default\">\n\t\t\t\t<div class=\"elementor-widget-container\">\n\t\t\t\t\t<style>\n                        @media screen and (max-width: 1024px) {\n                            .eael-hamburger--tablet {\n                                .eael-simple-menu-horizontal,\n                                .eael-simple-menu-vertical {\n                                    display: none;\n                                }\n                            }\n                            .eael-hamburger--tablet {\n                                .eael-simple-menu-container .eael-simple-menu-toggle {\n                                    display: block;\n                                }\n                            }\n                        }\n                        .eael-simple-menu-container.eael-simple-menu--loading > ul {\n                            display: -webkit-box !important;\n                            display: -ms-flexbox !important;\n                            display: flex !important;\n                            list-style: none !important;\n                        }\n                        .eael-simple-menu-container.eael-simple-menu--loading li ul {\n                            visibility: hidden !important;\n                            opacity: 0 !important;\n                        }\n                    <\/style>            <div data-hamburger-icon=\"&lt;i aria-hidden=&quot;true&quot; class=&quot;fas fa-bars&quot;&gt;&lt;\/i&gt;\" data-indicator-icon=\"&lt;i aria-hidden=&quot;true&quot; class=&quot;fas fa-angle-down&quot;&gt;&lt;\/i&gt;\" data-dropdown-indicator-icon=\"&lt;i class=&quot;fas fa-angle-down&quot;&gt;&lt;\/i&gt;\" class=\"eael-simple-menu-container eael-simple-menu--loading eael-simple-menu-align-right eael-simple-menu-dropdown-align-right preset-2\" data-hamburger-breakpoints=\"{&quot;mobile&quot;:&quot;Mobile Portrait (&gt; 767px)&quot;,&quot;tablet&quot;:&quot;Tablet Portrait (&gt; 1024px)&quot;,&quot;desktop&quot;:&quot;Desktop (&gt; 2400px)&quot;,&quot;none&quot;:&quot;None&quot;}\" data-hamburger-device=\"tablet\">\n                <ul id=\"menu-menu-principal\" class=\"eael-simple-menu eael-simple-menu-dropdown-animate-zoom-in eael-simple-menu-indicator eael-simple-menu-horizontal\"><li id=\"menu-item-167\" class=\"menu-item menu-item-type-custom menu-item-object-custom menu-item-167\"><a href=\"#topp\">Sobre mim<\/a><\/li>\n<li id=\"menu-item-168\" class=\"menu-item menu-item-type-custom menu-item-object-custom menu-item-168\"><a href=\"#sobreaterapia\">Sobre a terapia<\/a><\/li>\n<li id=\"menu-item-169\" class=\"menu-item menu-item-type-custom menu-item-object-custom menu-item-169\"><a href=\"#depoimentos\">Depoimentos<\/a><\/li>\n<li id=\"menu-item-171\" class=\"menu-item menu-item-type-custom menu-item-object-custom menu-item-171\"><a href=\"#rodape\">Entrar em contato<\/a><\/li>\n<\/ul>                <button class=\"eael-simple-menu-toggle\">\n                    <span class=\"sr-only \">Hamburger Toggle Menu<\/span>\n                    <i aria-hidden=\"true\" class=\"fas fa-bars\"><\/i>                <\/button>\n            <\/div>\n            \t\t\t\t<\/div>\n\t\t\t\t<\/div>\n\t\t\t\t<div class=\"elementor-element elementor-element-548d0fd elementor-absolute elementor-widget elementor-widget-menu-anchor\" data-id=\"548d0fd\" data-element_type=\"widget\" data-settings=\"{&quot;_position&quot;:&quot;absolute&quot;}\" data-widget_type=\"menu-anchor.default\">\n\t\t\t\t<div class=\"elementor-widget-container\">\n\t\t\t\t\t\t\t<div class=\"elementor-menu-anchor\" id=\"sobremim\"><\/div>\n\t\t\t\t\t\t<\/div>\n\t\t\t\t<\/div>\n\t\t\t\t\t<\/div>\n\t\t<\/div>\n\t\t\t\t\t<\/div>\n\t\t<\/section>\n\t\t\t\t<section data-wpr-sticky-section=\"yes\" data-wpr-position-type=\"sticky\" data-wpr-position-offset=\"0\" data-wpr-position-location=\"top\" data-wpr-sticky-devices=\"desktop_sticky\" data-wpr-custom-breakpoints=\"\" data-wpr-active-breakpoints=\"mobile_sticky tablet_sticky desktop_sticky\" data-wpr-z-index=\"10\" data-wpr-sticky-hide=\"\" data-wpr-replace-header=\"\" data-wpr-animation-duration=\"\" data-wpr-sticky-type=\"sticky\" class=\"elementor-section elementor-top-section elementor-element elementor-element-2f1d4ec elementor-section-content-middle wpr-sticky-section-yes elementor-section-boxed elementor-section-height-default elementor-section-height-default wpr-particle-no wpr-jarallax-no wpr-parallax-no wpr-equal-height-no\" data-id=\"2f1d4ec\" data-element_type=\"section\" data-settings=\"{&quot;position_offset&quot;:0,&quot;position_offset_tablet&quot;:0,&quot;position_offset_mobile&quot;:0}\">\n\t\t\t\t\t\t<div class=\"elementor-container elementor-column-gap-default\">\n\t\t\t\t\t<div class=\"elementor-column elementor-col-50 elementor-top-column elementor-element elementor-element-25e7a18\" data-id=\"25e7a18\" data-element_type=\"column\" data-settings=\"{&quot;background_background&quot;:&quot;gradient&quot;}\">\n\t\t\t<div class=\"elementor-widget-wrap elementor-element-populated\">\n\t\t\t\t\t\t<div class=\"elementor-element elementor-element-0f57360 animated-slow e-transform elementor-invisible elementor-widget elementor-widget-heading\" data-id=\"0f57360\" data-element_type=\"widget\" id=\"euu\" data-settings=\"{&quot;_animation&quot;:&quot;fadeIn&quot;,&quot;_animation_delay&quot;:500,&quot;_transform_scale_effect_hover&quot;:{&quot;unit&quot;:&quot;px&quot;,&quot;size&quot;:1.1,&quot;sizes&quot;:[]},&quot;_transform_scale_effect_hover_tablet&quot;:{&quot;unit&quot;:&quot;px&quot;,&quot;size&quot;:&quot;&quot;,&quot;sizes&quot;:[]},&quot;_transform_scale_effect_hover_mobile&quot;:{&quot;unit&quot;:&quot;px&quot;,&quot;size&quot;:&quot;&quot;,&quot;sizes&quot;:[]}}\" data-widget_type=\"heading.default\">\n\t\t\t\t<div class=\"elementor-widget-container\">\n\t\t\t\t\t<h2 class=\"elementor-heading-title elementor-size-xl\"><a href=\"http:\/\/www.rennerpsicologo.com.br\">Renner Mariano<\/a><\/h2>\t\t\t\t<\/div>\n\t\t\t\t<\/div>\n\t\t\t\t<div class=\"elementor-element elementor-element-6a71ca8 animated-slow elementor-widget-divider--view-line elementor-invisible elementor-widget elementor-widget-divider\" data-id=\"6a71ca8\" data-element_type=\"widget\" data-settings=\"{&quot;_animation&quot;:&quot;slideInLeft&quot;,&quot;_animation_delay&quot;:100}\" data-widget_type=\"divider.default\">\n\t\t\t\t<div class=\"elementor-widget-container\">\n\t\t\t\t\t\t\t<div class=\"elementor-divider\">\n\t\t\t<span class=\"elementor-divider-separator\">\n\t\t\t\t\t\t<\/span>\n\t\t<\/div>\n\t\t\t\t\t\t<\/div>\n\t\t\t\t<\/div>\n\t\t\t\t<div class=\"elementor-element elementor-element-9a2ae3f animated-slow elementor-invisible elementor-widget elementor-widget-heading\" data-id=\"9a2ae3f\" data-element_type=\"widget\" data-settings=\"{&quot;_animation&quot;:&quot;fadeIn&quot;,&quot;_animation_delay&quot;:1000}\" data-widget_type=\"heading.default\">\n\t\t\t\t<div class=\"elementor-widget-container\">\n\t\t\t\t\t<h2 class=\"elementor-heading-title elementor-size-medium\">Psic\u00f3logo Cl\u00ednico<\/h2>\t\t\t\t<\/div>\n\t\t\t\t<\/div>\n\t\t\t\t<div class=\"elementor-element elementor-element-34a5b58 animated-slow elementor-invisible elementor-widget elementor-widget-heading\" data-id=\"34a5b58\" data-element_type=\"widget\" data-settings=\"{&quot;_animation&quot;:&quot;fadeIn&quot;,&quot;_animation_delay&quot;:1500}\" data-widget_type=\"heading.default\">\n\t\t\t\t<div class=\"elementor-widget-container\">\n\t\t\t\t\t<h2 class=\"elementor-heading-title elementor-size-small\">CRP 04\/44475<\/h2>\t\t\t\t<\/div>\n\t\t\t\t<\/div>\n\t\t\t\t\t<\/div>\n\t\t<\/div>\n\t\t\t\t<div class=\"elementor-column elementor-col-50 elementor-top-column elementor-element elementor-element-410571d\" data-id=\"410571d\" data-element_type=\"column\" data-settings=\"{&quot;background_background&quot;:&quot;gradient&quot;}\">\n\t\t\t<div class=\"elementor-widget-wrap elementor-element-populated\">\n\t\t\t\t\t\t<div class=\"elementor-element elementor-element-f653210 animated-slow elementor-hidden-tablet elementor-hidden-mobile eael-simple-menu-hamburger-align-right eael-hamburger--tablet elementor-invisible elementor-widget elementor-widget-eael-simple-menu\" data-id=\"f653210\" data-element_type=\"widget\" data-settings=\"{&quot;_animation&quot;:&quot;slideInRight&quot;,&quot;_animation_delay&quot;:100}\" data-widget_type=\"eael-simple-menu.default\">\n\t\t\t\t<div class=\"elementor-widget-container\">\n\t\t\t\t\t<style>\n                        @media screen and (max-width: 1024px) {\n                            .eael-hamburger--tablet {\n                                .eael-simple-menu-horizontal,\n                                .eael-simple-menu-vertical {\n                                    display: none;\n                                }\n                            }\n                            .eael-hamburger--tablet {\n                                .eael-simple-menu-container .eael-simple-menu-toggle {\n                                    display: block;\n                                }\n                            }\n                        }\n                        .eael-simple-menu-container.eael-simple-menu--loading > ul {\n                            display: -webkit-box !important;\n                            display: -ms-flexbox !important;\n                            display: flex !important;\n                            list-style: none !important;\n                        }\n                        .eael-simple-menu-container.eael-simple-menu--loading li ul {\n                            visibility: hidden !important;\n                            opacity: 0 !important;\n                        }\n                    <\/style>            <div data-hamburger-icon=\"&lt;i aria-hidden=&quot;true&quot; class=&quot;fas fa-bars&quot;&gt;&lt;\/i&gt;\" data-indicator-icon=\"&lt;i aria-hidden=&quot;true&quot; class=&quot;fas fa-angle-down&quot;&gt;&lt;\/i&gt;\" data-dropdown-indicator-icon=\"&lt;i class=&quot;fas fa-angle-down&quot;&gt;&lt;\/i&gt;\" class=\"eael-simple-menu-container eael-simple-menu--loading eael-simple-menu-align-center eael-simple-menu-dropdown-align-left preset-2\" data-hamburger-breakpoints=\"{&quot;mobile&quot;:&quot;Mobile Portrait (&gt; 767px)&quot;,&quot;tablet&quot;:&quot;Tablet Portrait (&gt; 1024px)&quot;,&quot;desktop&quot;:&quot;Desktop (&gt; 2400px)&quot;,&quot;none&quot;:&quot;None&quot;}\" data-hamburger-device=\"tablet\">\n                <ul id=\"menu-menu-principal-1\" class=\"eael-simple-menu eael-simple-menu-dropdown-animate-to-top eael-simple-menu-indicator eael-simple-menu-horizontal\"><li class=\"menu-item menu-item-type-custom menu-item-object-custom menu-item-167\"><a href=\"#topp\">Sobre mim<\/a><\/li>\n<li class=\"menu-item menu-item-type-custom menu-item-object-custom menu-item-168\"><a href=\"#sobreaterapia\">Sobre a terapia<\/a><\/li>\n<li class=\"menu-item menu-item-type-custom menu-item-object-custom menu-item-169\"><a href=\"#depoimentos\">Depoimentos<\/a><\/li>\n<li class=\"menu-item menu-item-type-custom menu-item-object-custom menu-item-171\"><a href=\"#rodape\">Entrar em contato<\/a><\/li>\n<\/ul>                <button class=\"eael-simple-menu-toggle\">\n                    <span class=\"sr-only \">Hamburger Toggle Menu<\/span>\n                    <i aria-hidden=\"true\" class=\"fas fa-bars\"><\/i>                <\/button>\n            <\/div>\n            \t\t\t\t<\/div>\n\t\t\t\t<\/div>\n\t\t\t\t<div class=\"elementor-element elementor-element-3104dad animated-slow elementor-hidden-desktop eael-simple-menu-hamburger-align-right eael-hamburger--tablet elementor-invisible elementor-widget elementor-widget-eael-simple-menu\" data-id=\"3104dad\" data-element_type=\"widget\" data-settings=\"{&quot;_animation&quot;:&quot;slideInRight&quot;,&quot;_animation_delay&quot;:100}\" data-widget_type=\"eael-simple-menu.default\">\n\t\t\t\t<div class=\"elementor-widget-container\">\n\t\t\t\t\t<style>\n                        @media screen and (max-width: 1024px) {\n                            .eael-hamburger--tablet {\n                                .eael-simple-menu-horizontal,\n                                .eael-simple-menu-vertical {\n                                    display: none;\n                                }\n                            }\n                            .eael-hamburger--tablet {\n                                .eael-simple-menu-container .eael-simple-menu-toggle {\n                                    display: block;\n                                }\n                            }\n                        }\n                        .eael-simple-menu-container.eael-simple-menu--loading > ul {\n                            display: -webkit-box !important;\n                            display: -ms-flexbox !important;\n                            display: flex !important;\n                            list-style: none !important;\n                        }\n                        .eael-simple-menu-container.eael-simple-menu--loading li ul {\n                            visibility: hidden !important;\n                            opacity: 0 !important;\n                        }\n                    <\/style>            <div data-hamburger-icon=\"&lt;i aria-hidden=&quot;true&quot; class=&quot;fas fa-bars&quot;&gt;&lt;\/i&gt;\" data-indicator-icon=\"&lt;i aria-hidden=&quot;true&quot; class=&quot;fas fa-angle-down&quot;&gt;&lt;\/i&gt;\" data-dropdown-indicator-icon=\"&lt;i class=&quot;fas fa-angle-down&quot;&gt;&lt;\/i&gt;\" class=\"eael-simple-menu-container eael-simple-menu--loading eael-simple-menu-align-right eael-simple-menu-dropdown-align-right preset-2\" data-hamburger-breakpoints=\"{&quot;mobile&quot;:&quot;Mobile Portrait (&gt; 767px)&quot;,&quot;tablet&quot;:&quot;Tablet Portrait (&gt; 1024px)&quot;,&quot;desktop&quot;:&quot;Desktop (&gt; 2400px)&quot;,&quot;none&quot;:&quot;None&quot;}\" data-hamburger-device=\"tablet\">\n                <ul id=\"menu-menu-principal-2\" class=\"eael-simple-menu eael-simple-menu-dropdown-animate-zoom-in eael-simple-menu-indicator eael-simple-menu-horizontal\"><li class=\"menu-item menu-item-type-custom menu-item-object-custom menu-item-167\"><a href=\"#topp\">Sobre mim<\/a><\/li>\n<li class=\"menu-item menu-item-type-custom menu-item-object-custom menu-item-168\"><a href=\"#sobreaterapia\">Sobre a terapia<\/a><\/li>\n<li class=\"menu-item menu-item-type-custom menu-item-object-custom menu-item-169\"><a href=\"#depoimentos\">Depoimentos<\/a><\/li>\n<li class=\"menu-item menu-item-type-custom menu-item-object-custom menu-item-171\"><a href=\"#rodape\">Entrar em contato<\/a><\/li>\n<\/ul>                <button class=\"eael-simple-menu-toggle\">\n                    <span class=\"sr-only \">Hamburger Toggle Menu<\/span>\n                    <i aria-hidden=\"true\" class=\"fas fa-bars\"><\/i>                <\/button>\n            <\/div>\n            \t\t\t\t<\/div>\n\t\t\t\t<\/div>\n\t\t\t\t\t<\/div>\n\t\t<\/div>\n\t\t\t\t\t<\/div>\n\t\t<\/section>\n\t\t\t\t<section class=\"elementor-section elementor-top-section elementor-element elementor-element-7d612f0 elementor-section-boxed elementor-section-height-default elementor-section-height-default wpr-particle-no wpr-jarallax-no wpr-parallax-no wpr-sticky-section-no wpr-equal-height-no\" data-id=\"7d612f0\" data-element_type=\"section\" id=\"top\" data-settings=\"{&quot;background_background&quot;:&quot;classic&quot;}\">\n\t\t\t\t\t\t<div class=\"elementor-container elementor-column-gap-default\">\n\t\t\t\t\t<div class=\"elementor-column elementor-col-50 elementor-top-column elementor-element elementor-element-2cf754d\" data-id=\"2cf754d\" data-element_type=\"column\" data-settings=\"{&quot;background_background&quot;:&quot;classic&quot;}\">\n\t\t\t<div class=\"elementor-widget-wrap elementor-element-populated\">\n\t\t\t\t\t\t<div class=\"elementor-element elementor-element-dfed70e animated-slow elementor-invisible elementor-widget elementor-widget-image\" data-id=\"dfed70e\" data-element_type=\"widget\" data-settings=\"{&quot;_animation&quot;:&quot;fadeIn&quot;,&quot;_animation_delay&quot;:300}\" data-widget_type=\"image.default\">\n\t\t\t\t<div class=\"elementor-widget-container\">\n\t\t\t\t\t\t\t\t\t\t\t\t\t\t\t<img fetchpriority=\"high\" decoding=\"async\" width=\"1024\" height=\"1024\" src=\"https:\/\/rennerpsicologo.com.br\/wp-content\/uploads\/2024\/01\/HQ-9251-scaled-e1704119909297-1024x1024.jpg\" class=\"attachment-large size-large wp-image-1924\" alt=\"\" srcset=\"https:\/\/rennerpsicologo.com.br\/wp-content\/uploads\/2024\/01\/HQ-9251-scaled-e1704119909297-1024x1024.jpg 1024w, https:\/\/rennerpsicologo.com.br\/wp-content\/uploads\/2024\/01\/HQ-9251-scaled-e1704119909297-300x300.jpg 300w, https:\/\/rennerpsicologo.com.br\/wp-content\/uploads\/2024\/01\/HQ-9251-scaled-e1704119909297-150x150.jpg 150w, https:\/\/rennerpsicologo.com.br\/wp-content\/uploads\/2024\/01\/HQ-9251-scaled-e1704119909297-768x768.jpg 768w, https:\/\/rennerpsicologo.com.br\/wp-content\/uploads\/2024\/01\/HQ-9251-scaled-e1704119909297-1536x1536.jpg 1536w, https:\/\/rennerpsicologo.com.br\/wp-content\/uploads\/2024\/01\/HQ-9251-scaled-e1704119909297-600x600.jpg 600w, https:\/\/rennerpsicologo.com.br\/wp-content\/uploads\/2024\/01\/elementor\/thumbs\/HQ-9251-scaled-e1704119909297-qhoa09uy4ee1v18pqtl3z923ftmp8y2ppn3jvj3z4w.jpg 400w, https:\/\/rennerpsicologo.com.br\/wp-content\/uploads\/2024\/01\/HQ-9251-scaled-e1704119909297.jpg 1706w\" sizes=\"(max-width: 1024px) 100vw, 1024px\" \/>\t\t\t\t\t\t\t\t\t\t\t\t\t\t\t<\/div>\n\t\t\t\t<\/div>\n\t\t\t\t\t<\/div>\n\t\t<\/div>\n\t\t\t\t<div class=\"elementor-column elementor-col-50 elementor-top-column elementor-element elementor-element-aa5b6e1\" data-id=\"aa5b6e1\" data-element_type=\"column\" data-settings=\"{&quot;background_background&quot;:&quot;classic&quot;}\">\n\t\t\t<div class=\"elementor-widget-wrap elementor-element-populated\">\n\t\t\t\t\t\t<div class=\"elementor-element elementor-element-57819b8 elementor-widget__width-initial animated-slow elementor-invisible elementor-widget elementor-widget-heading\" data-id=\"57819b8\" data-element_type=\"widget\" data-settings=\"{&quot;_animation&quot;:&quot;fadeIn&quot;}\" data-widget_type=\"heading.default\">\n\t\t\t\t<div class=\"elementor-widget-container\">\n\t\t\t\t\t<h2 class=\"elementor-heading-title elementor-size-default\">Sobre mim<\/h2>\t\t\t\t<\/div>\n\t\t\t\t<\/div>\n\t\t\t\t<div class=\"elementor-element elementor-element-bccd2a3 animated-slow elementor-widget-divider--view-line elementor-invisible elementor-widget elementor-widget-divider\" data-id=\"bccd2a3\" data-element_type=\"widget\" data-settings=\"{&quot;_animation&quot;:&quot;slideInLeft&quot;,&quot;_animation_delay&quot;:100}\" data-widget_type=\"divider.default\">\n\t\t\t\t<div class=\"elementor-widget-container\">\n\t\t\t\t\t\t\t<div class=\"elementor-divider\">\n\t\t\t<span class=\"elementor-divider-separator\">\n\t\t\t\t\t\t<\/span>\n\t\t<\/div>\n\t\t\t\t\t\t<\/div>\n\t\t\t\t<\/div>\n\t\t\t\t<div class=\"elementor-element elementor-element-ae8a791 animated-slow elementor-invisible elementor-widget elementor-widget-text-editor\" data-id=\"ae8a791\" data-element_type=\"widget\" data-settings=\"{&quot;_animation&quot;:&quot;fadeIn&quot;}\" data-widget_type=\"text-editor.default\">\n\t\t\t\t<div class=\"elementor-widget-container\">\n\t\t\t\t\t\t\t\t\t<p style=\"text-align: left;\">Natural de Goi\u00e1s, mas foi em Minas Gerais que realizei minha forma\u00e7\u00e3o em <strong><span style=\"color: #a6785d;\">Psicologia pela Universidade Federal de Uberl\u00e2ndia (UFU)<\/span>,<span style=\"color: #a6785d;\"> conclu\u00edda em 2015<\/span><\/strong>. Me apaixonei pela Psicologia cl\u00ednica durante a faculdade e desde ent\u00e3o venho me dedicando intensamente a essa pr\u00e1tica.<\/p>\n<p style=\"text-align: left;\">Minha fascina\u00e7\u00e3o pela mente humana me motiva a investir minha energia e meu tempo em <span style=\"color: #a6785d;\"><strong>compreender, cuidar e auxiliar<\/strong><\/span> outras pessoas a promoverem <span style=\"color: #a6785d;\"><strong>mudan\u00e7as profundas e desejadas em suas vidas<\/strong><\/span>. Ao trabalhar a hist\u00f3ria pessoal de cada um, busco fortalecer as pessoas para que vivam com <span style=\"color: #a6785d;\"><strong>dignidade<\/strong><\/span> e encontre as <span style=\"color: #a6785d;\"><strong>respostas e caminhos que procuram dentro de si mesmas<\/strong><\/span>.<\/p>\n<p style=\"text-align: left;\">Em Uberl\u00e2ndia, trabalhava em meu consult\u00f3rio presencial desde 2015, mas no in\u00edcio de 2022 realizei uma grande mudan\u00e7a e assumi um <span style=\"color: #a6785d;\"><strong>estilo de vida n\u00f4made<\/strong><\/span>, <span style=\"color: #a6785d;\"><strong>viajando por todo o Brasil<\/strong><\/span> e trabalhando apenas com atendimentos online. Dentre os v\u00e1rios prop\u00f3sitos da minha viagem, busco um<span style=\"color: #a6785d;\">&nbsp;<strong>crescimento pessoal intensivo<\/strong>&nbsp;<\/span>a partir do constante contato com desafios, pessoas e culturas diversas. Acredito que isso <span style=\"color: #a6785d;\"><strong>enriquece minha vida<\/strong><\/span> e me desenvolve ainda mais enquanto terapeuta.<\/p>\t\t\t\t\t\t\t\t<\/div>\n\t\t\t\t<\/div>\n\t\t\t\t\t<\/div>\n\t\t<\/div>\n\t\t\t\t\t<\/div>\n\t\t<\/section>\n\t\t\t\t<section class=\"elementor-section elementor-top-section elementor-element elementor-element-869064f elementor-section-boxed elementor-section-height-default elementor-section-height-default wpr-particle-no wpr-jarallax-no wpr-parallax-no wpr-sticky-section-no wpr-equal-height-no\" data-id=\"869064f\" data-element_type=\"section\" data-settings=\"{&quot;background_background&quot;:&quot;classic&quot;}\">\n\t\t\t\t\t\t<div class=\"elementor-container elementor-column-gap-default\">\n\t\t\t\t\t<div class=\"elementor-column elementor-col-100 elementor-top-column elementor-element elementor-element-24c81f4\" data-id=\"24c81f4\" data-element_type=\"column\" data-settings=\"{&quot;background_background&quot;:&quot;classic&quot;}\">\n\t\t\t<div class=\"elementor-widget-wrap elementor-element-populated\">\n\t\t\t\t\t\t<div class=\"elementor-element elementor-element-f246a2a elementor-absolute elementor-widget elementor-widget-menu-anchor\" data-id=\"f246a2a\" data-element_type=\"widget\" data-settings=\"{&quot;_position&quot;:&quot;absolute&quot;}\" data-widget_type=\"menu-anchor.default\">\n\t\t\t\t<div class=\"elementor-widget-container\">\n\t\t\t\t\t\t\t<div class=\"elementor-menu-anchor\" id=\"sobreaterapia\"><\/div>\n\t\t\t\t\t\t<\/div>\n\t\t\t\t<\/div>\n\t\t\t\t\t<\/div>\n\t\t<\/div>\n\t\t\t\t\t<\/div>\n\t\t<\/section>\n\t\t\t\t<section class=\"elementor-section elementor-top-section elementor-element elementor-element-80eb24a elementor-section-boxed elementor-section-height-default elementor-section-height-default wpr-particle-no wpr-jarallax-no wpr-parallax-no wpr-sticky-section-no wpr-equal-height-no\" data-id=\"80eb24a\" data-element_type=\"section\" data-settings=\"{&quot;background_background&quot;:&quot;classic&quot;}\">\n\t\t\t\t\t\t<div class=\"elementor-container elementor-column-gap-default\">\n\t\t\t\t\t<div class=\"elementor-column elementor-col-100 elementor-top-column elementor-element elementor-element-a3009e8\" data-id=\"a3009e8\" data-element_type=\"column\" data-settings=\"{&quot;background_background&quot;:&quot;classic&quot;}\">\n\t\t\t<div class=\"elementor-widget-wrap elementor-element-populated\">\n\t\t\t\t\t\t<div class=\"elementor-element elementor-element-637675b animated-slow elementor-invisible elementor-widget elementor-widget-text-editor\" data-id=\"637675b\" data-element_type=\"widget\" data-settings=\"{&quot;_animation&quot;:&quot;fadeIn&quot;}\" data-widget_type=\"text-editor.default\">\n\t\t\t\t<div class=\"elementor-widget-container\">\n\t\t\t\t\t\t\t\t\t<p>Enquanto terapeuta busco mergulhar profundamente na alma da outra pessoa para auxili\u00e1-la a compreender sua hist\u00f3ria e suas din\u00e2micas, confiando que a partir desse processo a pessoa encontrar\u00e1 a for\u00e7a e a energia necess\u00e1rias para guiar sua pr\u00f3pria vida em dire\u00e7\u00e3o ao que acredita.<\/p>\t\t\t\t\t\t\t\t<\/div>\n\t\t\t\t<\/div>\n\t\t\t\t\t<\/div>\n\t\t<\/div>\n\t\t\t\t\t<\/div>\n\t\t<\/section>\n\t\t\t\t<section class=\"elementor-section elementor-top-section elementor-element elementor-element-eaea6ab elementor-section-boxed elementor-section-height-default elementor-section-height-default wpr-particle-no wpr-jarallax-no wpr-parallax-no wpr-sticky-section-no wpr-equal-height-no\" data-id=\"eaea6ab\" data-element_type=\"section\" data-settings=\"{&quot;background_background&quot;:&quot;classic&quot;}\">\n\t\t\t\t\t\t<div class=\"elementor-container elementor-column-gap-default\">\n\t\t\t\t\t<div class=\"elementor-column elementor-col-100 elementor-top-column elementor-element elementor-element-eaed4c0\" data-id=\"eaed4c0\" data-element_type=\"column\" data-settings=\"{&quot;background_background&quot;:&quot;classic&quot;}\">\n\t\t\t<div class=\"elementor-widget-wrap elementor-element-populated\">\n\t\t\t\t\t\t<section class=\"elementor-section elementor-inner-section elementor-element elementor-element-fc1d2ef elementor-section-boxed elementor-section-height-default elementor-section-height-default wpr-particle-no wpr-jarallax-no wpr-parallax-no wpr-sticky-section-no wpr-equal-height-no\" data-id=\"fc1d2ef\" data-element_type=\"section\">\n\t\t\t\t\t\t<div class=\"elementor-container elementor-column-gap-default\">\n\t\t\t\t\t<div class=\"elementor-column elementor-col-50 elementor-inner-column elementor-element elementor-element-a6d8994\" data-id=\"a6d8994\" data-element_type=\"column\">\n\t\t\t<div class=\"elementor-widget-wrap elementor-element-populated\">\n\t\t\t\t\t\t<div class=\"elementor-element elementor-element-ce95579 animated-slow elementor-invisible elementor-widget elementor-widget-heading\" data-id=\"ce95579\" data-element_type=\"widget\" data-settings=\"{&quot;_animation&quot;:&quot;fadeIn&quot;}\" data-widget_type=\"heading.default\">\n\t\t\t\t<div class=\"elementor-widget-container\">\n\t\t\t\t\t<h2 class=\"elementor-heading-title elementor-size-default\">Sobre a terapia<\/h2>\t\t\t\t<\/div>\n\t\t\t\t<\/div>\n\t\t\t\t<div class=\"elementor-element elementor-element-c09a936 animated-slow elementor-widget-divider--view-line elementor-invisible elementor-widget elementor-widget-divider\" data-id=\"c09a936\" data-element_type=\"widget\" data-settings=\"{&quot;_animation&quot;:&quot;slideInLeft&quot;,&quot;_animation_delay&quot;:100}\" data-widget_type=\"divider.default\">\n\t\t\t\t<div class=\"elementor-widget-container\">\n\t\t\t\t\t\t\t<div class=\"elementor-divider\">\n\t\t\t<span class=\"elementor-divider-separator\">\n\t\t\t\t\t\t<\/span>\n\t\t<\/div>\n\t\t\t\t\t\t<\/div>\n\t\t\t\t<\/div>\n\t\t\t\t<div class=\"elementor-element elementor-element-2ab3065 animated-slow elementor-invisible elementor-widget elementor-widget-text-editor\" data-id=\"2ab3065\" data-element_type=\"widget\" data-settings=\"{&quot;_animation&quot;:&quot;fadeIn&quot;}\" data-widget_type=\"text-editor.default\">\n\t\t\t\t<div class=\"elementor-widget-container\">\n\t\t\t\t\t\t\t\t\t<p style=\"text-align: left;\">Os atendimentos, geralmente, s\u00e3o semanais, com dura\u00e7\u00e3o m\u00e9dia de 50 minutos e podem ser realizados pela manh\u00e3, tarde ou noite, desde que marcados com anteced\u00eancia. As sess\u00f5es s\u00e3o realizadas virtualmente utilizando celular ou computador.<\/p><p style=\"text-align: left;\">Na <span style=\"color: #a6785d;\"><strong>primeira sess\u00e3o<\/strong><\/span>, busco ouvir e <span style=\"color: #a6785d;\"><strong>identificar<\/strong><\/span> contigo quais s\u00e3o os<span style=\"color: #a6785d;\"><strong> sofrimentos principais<\/strong><\/span>, os<strong> <span style=\"color: #a6785d;\">objetivos desejados<\/span><\/strong>, os<strong><span style=\"color: #a6785d;\"> recursos e habilidades <\/span><\/strong>que dispomos, os <strong><span style=\"color: #a6785d;\">obst\u00e1culos<\/span> <\/strong>mais fortes e a<strong><span style=\"color: #a6785d;\"> motiva\u00e7\u00e3o <\/span><\/strong>em rela\u00e7\u00e3o aos objetivos. Com isso, podemos construir uma no\u00e7\u00e3o sobre os caminhos que iremos priorizar nas sess\u00f5es seguintes.<\/p><p style=\"text-align: left;\">Da <span style=\"color: #a6785d;\"><strong>segunda sess\u00e3o<\/strong><\/span> em diante, passamos a <strong><span style=\"color: #a6785d;\">explorar com mais profundidade<\/span><\/strong> os principais temas que voc\u00ea deseja trabalhar. A terapia \u00e9 um modo de nos reunirmos para conversar sobre algo de grande import\u00e2ncia e repensar as a\u00e7\u00f5es. Assim, inicia-se um<strong><span style=\"color: #a6785d;\"> processo terap\u00eautico <\/span><\/strong>em<strong><span style=\"color: #a6785d;\"> seus aspectos emocionais, racionais, sociais e comportamentais<\/span><\/strong>. N\u00e3o se trata de uma conversa qualquer. Enquanto terapeuta, tenho o objetivo de facilitar uma conversa especial em que haja um <strong><span style=\"color: #a6785d;\">verdadeiro acolhimento<\/span><\/strong>, uma aceita\u00e7\u00e3o da sua pessoa como um todo, suas virtudes e suas falhas, suas facilidades e dificuldades. H\u00e1 um <strong><span style=\"color: #a6785d;\">espa\u00e7o de respeito<\/span><\/strong> no qual construiremos aos poucos um <strong><span style=\"color: #a6785d;\">clima de confian\u00e7a<\/span><\/strong> para que voc\u00ea possa compreender, cada vez com mais profundidade, o seu<strong><span style=\"color: #a6785d;\"> modo de funcionamento que tem te levado ao sofrimento<\/span><\/strong>, os sentimentos associados e as estrat\u00e9gias que podem ser modificadas.<\/p>\t\t\t\t\t\t\t\t<\/div>\n\t\t\t\t<\/div>\n\t\t\t\t\t<\/div>\n\t\t<\/div>\n\t\t\t\t<div class=\"elementor-column elementor-col-50 elementor-inner-column elementor-element elementor-element-a784f8e\" data-id=\"a784f8e\" data-element_type=\"column\">\n\t\t\t<div class=\"elementor-widget-wrap elementor-element-populated\">\n\t\t\t\t\t\t<div class=\"elementor-element elementor-element-584baaa animated-slow elementor-hidden-mobile elementor-invisible elementor-widget elementor-widget-image\" data-id=\"584baaa\" data-element_type=\"widget\" data-settings=\"{&quot;_animation&quot;:&quot;fadeIn&quot;}\" data-widget_type=\"image.default\">\n\t\t\t\t<div class=\"elementor-widget-container\">\n\t\t\t\t\t\t\t\t\t\t\t\t\t\t\t<img decoding=\"async\" width=\"614\" height=\"920\" src=\"https:\/\/rennerpsicologo.com.br\/wp-content\/uploads\/2023\/08\/maos.jpg\" class=\"attachment-large size-large wp-image-1191\" alt=\"\" srcset=\"https:\/\/rennerpsicologo.com.br\/wp-content\/uploads\/2023\/08\/maos.jpg 614w, https:\/\/rennerpsicologo.com.br\/wp-content\/uploads\/2023\/08\/maos-200x300.jpg 200w\" sizes=\"(max-width: 614px) 100vw, 614px\" \/>\t\t\t\t\t\t\t\t\t\t\t\t\t\t\t<\/div>\n\t\t\t\t<\/div>\n\t\t\t\t<div class=\"elementor-element elementor-element-5e841e7 animated-slow elementor-hidden-desktop elementor-hidden-tablet elementor-invisible elementor-widget elementor-widget-image\" data-id=\"5e841e7\" data-element_type=\"widget\" data-settings=\"{&quot;_animation&quot;:&quot;fadeIn&quot;}\" data-widget_type=\"image.default\">\n\t\t\t\t<div class=\"elementor-widget-container\">\n\t\t\t\t\t\t\t\t\t\t\t\t\t\t\t<img decoding=\"async\" width=\"200\" height=\"300\" src=\"https:\/\/rennerpsicologo.com.br\/wp-content\/uploads\/2023\/08\/maos-200x300.jpg\" class=\"attachment-medium size-medium wp-image-1191\" alt=\"\" srcset=\"https:\/\/rennerpsicologo.com.br\/wp-content\/uploads\/2023\/08\/maos-200x300.jpg 200w, https:\/\/rennerpsicologo.com.br\/wp-content\/uploads\/2023\/08\/maos.jpg 614w\" sizes=\"(max-width: 200px) 100vw, 200px\" \/>\t\t\t\t\t\t\t\t\t\t\t\t\t\t\t<\/div>\n\t\t\t\t<\/div>\n\t\t\t\t\t<\/div>\n\t\t<\/div>\n\t\t\t\t\t<\/div>\n\t\t<\/section>\n\t\t\t\t<section class=\"elementor-section elementor-inner-section elementor-element elementor-element-d2a5b2b elementor-section-boxed elementor-section-height-default elementor-section-height-default wpr-particle-no wpr-jarallax-no wpr-parallax-no wpr-sticky-section-no wpr-equal-height-no\" data-id=\"d2a5b2b\" data-element_type=\"section\">\n\t\t\t\t\t\t<div class=\"elementor-container elementor-column-gap-default\">\n\t\t\t\t\t<div class=\"elementor-column elementor-col-50 elementor-inner-column elementor-element elementor-element-a82f5ac\" data-id=\"a82f5ac\" data-element_type=\"column\">\n\t\t\t<div class=\"elementor-widget-wrap elementor-element-populated\">\n\t\t\t\t\t\t<div class=\"elementor-element elementor-element-b9a2a8a animated-slow elementor-hidden-tablet elementor-hidden-mobile elementor-invisible elementor-widget elementor-widget-image\" data-id=\"b9a2a8a\" data-element_type=\"widget\" data-settings=\"{&quot;_animation&quot;:&quot;fadeIn&quot;}\" data-widget_type=\"image.default\">\n\t\t\t\t<div class=\"elementor-widget-container\">\n\t\t\t\t\t\t\t\t\t\t\t\t\t\t\t<img loading=\"lazy\" decoding=\"async\" width=\"960\" height=\"640\" src=\"https:\/\/rennerpsicologo.com.br\/wp-content\/uploads\/2023\/08\/notebook-1.jpg\" class=\"attachment-large size-large wp-image-564\" alt=\"\" srcset=\"https:\/\/rennerpsicologo.com.br\/wp-content\/uploads\/2023\/08\/notebook-1.jpg 960w, https:\/\/rennerpsicologo.com.br\/wp-content\/uploads\/2023\/08\/notebook-1-300x200.jpg 300w, https:\/\/rennerpsicologo.com.br\/wp-content\/uploads\/2023\/08\/notebook-1-768x512.jpg 768w\" sizes=\"(max-width: 960px) 100vw, 960px\" \/>\t\t\t\t\t\t\t\t\t\t\t\t\t\t\t<\/div>\n\t\t\t\t<\/div>\n\t\t\t\t\t<\/div>\n\t\t<\/div>\n\t\t\t\t<div class=\"elementor-column elementor-col-50 elementor-inner-column elementor-element elementor-element-d9f41da\" data-id=\"d9f41da\" data-element_type=\"column\">\n\t\t\t<div class=\"elementor-widget-wrap elementor-element-populated\">\n\t\t\t\t\t\t<div class=\"elementor-element elementor-element-86627ba animated-slow elementor-invisible elementor-widget elementor-widget-text-editor\" data-id=\"86627ba\" data-element_type=\"widget\" data-settings=\"{&quot;_animation&quot;:&quot;fadeIn&quot;}\" data-widget_type=\"text-editor.default\">\n\t\t\t\t<div class=\"elementor-widget-container\">\n\t\t\t\t\t\t\t\t\t<p style=\"text-align: left;\">\u00c0 medida que os <strong><span style=\"color: #a6785d;\">objetivos v\u00e3o sendo alcan\u00e7ados<\/span><\/strong>, fazemos uma <strong><span style=\"color: #a6785d;\">retomada para refletir<\/span><\/strong> se damos por conclu\u00edda essa etapa do processo ou se passamos a trabalhar novas quest\u00f5es. A Psicoterapia pode ser breve e focada em um tema, ou pode ser um grande aprofundamento na <strong><span style=\"color: #a6785d;\">compreens\u00e3o da personalidade<\/span><\/strong>\u00a0e da din\u00e2mica do seu funcionamento, ampliando o <strong><span style=\"color: #a6785d;\">entendimento sobre seus padr\u00f5es de sentimentos, pensamentos e comportamentos<\/span><\/strong>. Trata-se, nesse segundo caso, de um processo mais completo, complexo, longo e poderoso, visando <strong><span style=\"color: #a6785d;\">libertar-se da repeti\u00e7\u00e3o de sofrimentos<\/span> <\/strong>que j\u00e1 n\u00e3o cabem mais no presente. A pessoa que recebe uma ajuda psicoterap\u00eautica, utilizando a <strong><span style=\"color: #a6785d;\">rela\u00e7\u00e3o humana com o terapeuta<\/span><\/strong>, dedica uma grande aten\u00e7\u00e3o <strong><span style=\"color: #a6785d;\">cuidando de si mesma<\/span><\/strong>, assumindo a responsabilidade por sua vida e pelas <strong><span style=\"color: #a6785d;\">mudan\u00e7as necess\u00e1rias<\/span><\/strong>.<\/p>\t\t\t\t\t\t\t\t<\/div>\n\t\t\t\t<\/div>\n\t\t\t\t<div class=\"elementor-element elementor-element-e2783d5 animated-slow elementor-hidden-desktop elementor-invisible elementor-widget elementor-widget-image\" data-id=\"e2783d5\" data-element_type=\"widget\" data-settings=\"{&quot;_animation&quot;:&quot;fadeIn&quot;}\" data-widget_type=\"image.default\">\n\t\t\t\t<div class=\"elementor-widget-container\">\n\t\t\t\t\t\t\t\t\t\t\t\t\t\t\t<img loading=\"lazy\" decoding=\"async\" width=\"300\" height=\"200\" src=\"https:\/\/rennerpsicologo.com.br\/wp-content\/uploads\/2023\/08\/notebook-1-300x200.jpg\" class=\"attachment-medium size-medium wp-image-564\" alt=\"\" srcset=\"https:\/\/rennerpsicologo.com.br\/wp-content\/uploads\/2023\/08\/notebook-1-300x200.jpg 300w, https:\/\/rennerpsicologo.com.br\/wp-content\/uploads\/2023\/08\/notebook-1-768x512.jpg 768w, https:\/\/rennerpsicologo.com.br\/wp-content\/uploads\/2023\/08\/notebook-1.jpg 960w\" sizes=\"(max-width: 300px) 100vw, 300px\" \/>\t\t\t\t\t\t\t\t\t\t\t\t\t\t\t<\/div>\n\t\t\t\t<\/div>\n\t\t\t\t\t<\/div>\n\t\t<\/div>\n\t\t\t\t\t<\/div>\n\t\t<\/section>\n\t\t\t\t<section class=\"elementor-section elementor-inner-section elementor-element elementor-element-e365370 elementor-section-boxed elementor-section-height-default elementor-section-height-default wpr-particle-no wpr-jarallax-no wpr-parallax-no wpr-sticky-section-no wpr-equal-height-no\" data-id=\"e365370\" data-element_type=\"section\">\n\t\t\t\t\t\t<div class=\"elementor-container elementor-column-gap-default\">\n\t\t\t\t\t<div class=\"elementor-column elementor-col-100 elementor-inner-column elementor-element elementor-element-0fd7c55\" data-id=\"0fd7c55\" data-element_type=\"column\">\n\t\t\t<div class=\"elementor-widget-wrap elementor-element-populated\">\n\t\t\t\t\t\t<div class=\"elementor-element elementor-element-0b2244f animated-slow elementor-widget-divider--view-line elementor-invisible elementor-widget elementor-widget-divider\" data-id=\"0b2244f\" data-element_type=\"widget\" data-settings=\"{&quot;_animation&quot;:&quot;slideInLeft&quot;,&quot;_animation_delay&quot;:100}\" data-widget_type=\"divider.default\">\n\t\t\t\t<div class=\"elementor-widget-container\">\n\t\t\t\t\t\t\t<div class=\"elementor-divider\">\n\t\t\t<span class=\"elementor-divider-separator\">\n\t\t\t\t\t\t<\/span>\n\t\t<\/div>\n\t\t\t\t\t\t<\/div>\n\t\t\t\t<\/div>\n\t\t\t\t<div class=\"elementor-element elementor-element-4b1b333 animated-slow elementor-invisible elementor-widget elementor-widget-text-editor\" data-id=\"4b1b333\" data-element_type=\"widget\" data-settings=\"{&quot;_animation&quot;:&quot;fadeIn&quot;}\" data-widget_type=\"text-editor.default\">\n\t\t\t\t<div class=\"elementor-widget-container\">\n\t\t\t\t\t\t\t\t\t<p style=\"text-align: left;\">Dentro da Psicologia, encontramos uma ampla variedade de teorias, abordagens e pr\u00e1ticas. Como terapeuta, fa\u00e7o uso de diversas contribui\u00e7\u00f5es, embora minha principal refer\u00eancia de trabalho seja a <span style=\"color: #a6785d;\"><strong>Abordagem Centrada na Pessoa (ACP)<\/strong><\/span>, desenvolvida inicialmente pelo psic\u00f3logo <strong><span style=\"color: #a6785d;\">Carl Rogers<\/span><\/strong> (1902-1987). Dentro deste referencial, h\u00e1 <strong><span style=\"color: #a6785d;\">tr\u00eas princ\u00edpios norteadores<\/span><\/strong> que direcionam tanto a terapia quanto a postura do terapeuta:<\/p>\t\t\t\t\t\t\t\t<\/div>\n\t\t\t\t<\/div>\n\t\t\t\t\t<\/div>\n\t\t<\/div>\n\t\t\t\t\t<\/div>\n\t\t<\/section>\n\t\t\t\t<section class=\"elementor-section elementor-inner-section elementor-element elementor-element-edd0f9d elementor-section-boxed elementor-section-height-default elementor-section-height-default wpr-particle-no wpr-jarallax-no wpr-parallax-no wpr-sticky-section-no wpr-equal-height-no\" data-id=\"edd0f9d\" data-element_type=\"section\">\n\t\t\t\t\t\t<div class=\"elementor-container elementor-column-gap-default\">\n\t\t\t\t\t<div class=\"elementor-column elementor-col-50 elementor-inner-column elementor-element elementor-element-a1ada0d\" data-id=\"a1ada0d\" data-element_type=\"column\">\n\t\t\t<div class=\"elementor-widget-wrap elementor-element-populated\">\n\t\t\t\t\t\t<div class=\"elementor-element elementor-element-3ea618e animated-slow elementor-invisible elementor-widget elementor-widget-text-editor\" data-id=\"3ea618e\" data-element_type=\"widget\" data-settings=\"{&quot;_animation&quot;:&quot;fadeIn&quot;}\" data-widget_type=\"text-editor.default\">\n\t\t\t\t<div class=\"elementor-widget-container\">\n\t\t\t\t\t\t\t\t\t<p style=\"text-align: left;\"><strong>1 &#8211;<\/strong> Toda pessoa possui intrinsecamente uma<strong><span style=\"color: #a6785d;\"> tend\u00eancia ao crescimento e desenvolvimento<\/span><\/strong>. O ambiente em que cada indiv\u00edduo vive pode facilitar ou dificultar esse processo. Portanto, o objetivo do terapeuta \u00e9 auxiliar na cria\u00e7\u00e3o de um<strong><span style=\"color: #a6785d;\"> ambiente que favore\u00e7a o desenvolvimento<\/span><\/strong> da pessoa atendida. Isso \u00e9 alcan\u00e7ado por meio do acolhimento e da <strong><span style=\"color: #a6785d;\">aceita\u00e7\u00e3o das express\u00f5es<\/span><\/strong> que o cliente sinta necessidade de compartilhar. Aceitar n\u00e3o implica concordar, mas sim acreditar que essas experi\u00eancias representam a verdade vivida por ela, a perspectiva dela. Isso estabelece um espa\u00e7o no qual a pessoa atendida pode <strong><span style=\"color: #a6785d;\">expressar-se sem receio<\/span><\/strong> de discrimina\u00e7\u00e3o, julgamento, corre\u00e7\u00e3o, cr\u00edtica, condena\u00e7\u00e3o, avalia\u00e7\u00e3o ou diagn\u00f3stico. H\u00e1, de fato, um ambiente de abertura onde tudo pode ser discutido, explorado e trabalhado. Conforme a pessoa atendida mergulha em um profundo autoconhecimento e em suas verdades interiores, o terapeuta <strong><span style=\"color: #a6785d;\">nutre a confian\u00e7a<\/span><\/strong> de que ela descobrir\u00e1 seus <strong><span style=\"color: #a6785d;\">pr\u00f3prios caminhos<\/span><\/strong>, recursos e solu\u00e7\u00f5es, sem depender que algu\u00e9m lhe comande e diga o que deve ou n\u00e3o fazer.<\/p>\t\t\t\t\t\t\t\t<\/div>\n\t\t\t\t<\/div>\n\t\t\t\t<div class=\"elementor-element elementor-element-5f3844a animated-slow elementor-widget-divider--view-line elementor-invisible elementor-widget elementor-widget-divider\" data-id=\"5f3844a\" data-element_type=\"widget\" data-settings=\"{&quot;_animation&quot;:&quot;slideInLeft&quot;,&quot;_animation_delay&quot;:100}\" data-widget_type=\"divider.default\">\n\t\t\t\t<div class=\"elementor-widget-container\">\n\t\t\t\t\t\t\t<div class=\"elementor-divider\">\n\t\t\t<span class=\"elementor-divider-separator\">\n\t\t\t\t\t\t<\/span>\n\t\t<\/div>\n\t\t\t\t\t\t<\/div>\n\t\t\t\t<\/div>\n\t\t\t\t<div class=\"elementor-element elementor-element-f585af0 animated-slow elementor-invisible elementor-widget elementor-widget-text-editor\" data-id=\"f585af0\" data-element_type=\"widget\" data-settings=\"{&quot;_animation&quot;:&quot;fadeIn&quot;}\" data-widget_type=\"text-editor.default\">\n\t\t\t\t<div class=\"elementor-widget-container\">\n\t\t\t\t\t\t\t\t\t<p style=\"text-align: left;\"><strong>2 &#8211;<\/strong> A terapia N\u00c3O opera da maneira como muitos imaginam: a pessoa exp\u00f5e o problema, o terapeuta avalia e fornece a solu\u00e7\u00e3o. Trata-se de um processo muito mais complexo, no qual o foco da terapia n\u00e3o \u00e9 &#8220;o que o terapeuta sabe&#8221;, mas sim o autoconhecimento que a pessoa atendida possui sobre si mesma. <strong><span style=\"color: #a6785d;\">Ser verdadeiramente emp\u00e1tico<\/span><\/strong> envolve esfor\u00e7ar-se para <strong><span style=\"color: #a6785d;\">sentir e compreender a partir da perspectiva da pessoa atendida<\/span><\/strong>, conforme ela a vivencia internamente. O terapeuta se esfor\u00e7a para <strong><span style=\"color: #a6785d;\">captar de forma precisa os sentimentos e significados pessoais expressos<\/span><\/strong> e os comunica ao cliente, buscando sua confirma\u00e7\u00e3o. \u00c0 medida que a conversa se desenvolve, a pessoa pode expandir sua pr\u00f3pria compreens\u00e3o e <strong><span style=\"color: #a6785d;\">descobrir novas perspectivas<\/span><\/strong>, op\u00e7\u00f5es, sentimentos, a\u00e7\u00f5es, valores, e assim por diante.<\/p>\t\t\t\t\t\t\t\t<\/div>\n\t\t\t\t<\/div>\n\t\t\t\t\t<\/div>\n\t\t<\/div>\n\t\t\t\t<div class=\"elementor-column elementor-col-50 elementor-inner-column elementor-element elementor-element-5188e59\" data-id=\"5188e59\" data-element_type=\"column\">\n\t\t\t<div class=\"elementor-widget-wrap elementor-element-populated\">\n\t\t\t\t\t\t<div class=\"elementor-element elementor-element-a0074b5 animated-slow elementor-invisible elementor-widget elementor-widget-image\" data-id=\"a0074b5\" data-element_type=\"widget\" data-settings=\"{&quot;_animation&quot;:&quot;fadeIn&quot;}\" data-widget_type=\"image.default\">\n\t\t\t\t<div class=\"elementor-widget-container\">\n\t\t\t\t\t\t\t\t\t\t\t\t\t\t\t<img loading=\"lazy\" decoding=\"async\" width=\"724\" height=\"1024\" src=\"https:\/\/rennerpsicologo.com.br\/wp-content\/uploads\/2023\/08\/lendo-carl-rogers-724x1024.jpg\" class=\"attachment-large size-large wp-image-646\" alt=\"\" srcset=\"https:\/\/rennerpsicologo.com.br\/wp-content\/uploads\/2023\/08\/lendo-carl-rogers-724x1024.jpg 724w, https:\/\/rennerpsicologo.com.br\/wp-content\/uploads\/2023\/08\/lendo-carl-rogers-212x300.jpg 212w, https:\/\/rennerpsicologo.com.br\/wp-content\/uploads\/2023\/08\/lendo-carl-rogers-768x1086.jpg 768w, https:\/\/rennerpsicologo.com.br\/wp-content\/uploads\/2023\/08\/lendo-carl-rogers-1086x1536.jpg 1086w, https:\/\/rennerpsicologo.com.br\/wp-content\/uploads\/2023\/08\/lendo-carl-rogers.jpg 1131w\" sizes=\"(max-width: 724px) 100vw, 724px\" \/>\t\t\t\t\t\t\t\t\t\t\t\t\t\t\t<\/div>\n\t\t\t\t<\/div>\n\t\t\t\t\t<\/div>\n\t\t<\/div>\n\t\t\t\t\t<\/div>\n\t\t<\/section>\n\t\t\t\t<section class=\"elementor-section elementor-inner-section elementor-element elementor-element-78d7516 elementor-section-boxed elementor-section-height-default elementor-section-height-default wpr-particle-no wpr-jarallax-no wpr-parallax-no wpr-sticky-section-no wpr-equal-height-no\" data-id=\"78d7516\" data-element_type=\"section\">\n\t\t\t\t\t\t<div class=\"elementor-container elementor-column-gap-default\">\n\t\t\t\t\t<div class=\"elementor-column elementor-col-100 elementor-inner-column elementor-element elementor-element-541dbfb\" data-id=\"541dbfb\" data-element_type=\"column\">\n\t\t\t<div class=\"elementor-widget-wrap elementor-element-populated\">\n\t\t\t\t\t\t<div class=\"elementor-element elementor-element-c14976b animated-slow elementor-widget-divider--view-line elementor-invisible elementor-widget elementor-widget-divider\" data-id=\"c14976b\" data-element_type=\"widget\" data-settings=\"{&quot;_animation&quot;:&quot;slideInLeft&quot;,&quot;_animation_delay&quot;:100}\" data-widget_type=\"divider.default\">\n\t\t\t\t<div class=\"elementor-widget-container\">\n\t\t\t\t\t\t\t<div class=\"elementor-divider\">\n\t\t\t<span class=\"elementor-divider-separator\">\n\t\t\t\t\t\t<\/span>\n\t\t<\/div>\n\t\t\t\t\t\t<\/div>\n\t\t\t\t<\/div>\n\t\t\t\t<div class=\"elementor-element elementor-element-508d923 animated-slow elementor-invisible elementor-widget elementor-widget-text-editor\" data-id=\"508d923\" data-element_type=\"widget\" data-settings=\"{&quot;_animation&quot;:&quot;fadeIn&quot;}\" data-widget_type=\"text-editor.default\">\n\t\t\t\t<div class=\"elementor-widget-container\">\n\t\t\t\t\t\t\t\t\t<p style=\"text-align: left;\"><strong>3 &#8211;<\/strong> O terceiro ponto fundamental \u00e9 que o<strong><span style=\"color: #a6785d;\"> terapeuta deve se apresentar de maneira aut\u00eantica<\/span><\/strong> perante o cliente, sendo uma pessoa real em vez de representar um &#8220;papel&#8221;. O terapeuta deve ser <strong><span style=\"color: #a6785d;\">honesto<\/span><\/strong> em rela\u00e7\u00e3o aos seus pr\u00f3prios pensamentos e sentimentos, suas d\u00favidas e incertezas. N\u00e3o \u00e9 necess\u00e1rio que ele diga coisas apenas para acalmar a pessoa, refor\u00e7ar ou desencorajar. Ele deve ser <strong><span style=\"color: #a6785d;\">verdadeiro em cada palavra que expressar<\/span><\/strong>. Como poderia incentivar a pessoa atendida a <strong><span style=\"color: #a6785d;\">ser aut\u00eantica e sincera<\/span><\/strong> se ele mesmo n\u00e3o estiver sendo genu\u00edno?<\/p>\t\t\t\t\t\t\t\t<\/div>\n\t\t\t\t<\/div>\n\t\t\t\t\t<\/div>\n\t\t<\/div>\n\t\t\t\t\t<\/div>\n\t\t<\/section>\n\t\t\t\t\t<\/div>\n\t\t<\/div>\n\t\t\t\t\t<\/div>\n\t\t<\/section>\n\t\t\t\t<section class=\"elementor-section elementor-top-section elementor-element elementor-element-c85f5b7 elementor-section-boxed elementor-section-height-default elementor-section-height-default wpr-particle-no wpr-jarallax-no wpr-parallax-no wpr-sticky-section-no wpr-equal-height-no\" data-id=\"c85f5b7\" data-element_type=\"section\" data-settings=\"{&quot;background_background&quot;:&quot;classic&quot;}\">\n\t\t\t\t\t\t<div class=\"elementor-container elementor-column-gap-default\">\n\t\t\t\t\t<div class=\"elementor-column elementor-col-100 elementor-top-column elementor-element elementor-element-c9b754f\" data-id=\"c9b754f\" data-element_type=\"column\" data-settings=\"{&quot;background_background&quot;:&quot;classic&quot;}\">\n\t\t\t<div class=\"elementor-widget-wrap elementor-element-populated\">\n\t\t\t\t\t\t<div class=\"elementor-element elementor-element-a2cea54 elementor-absolute elementor-widget elementor-widget-menu-anchor\" data-id=\"a2cea54\" data-element_type=\"widget\" data-settings=\"{&quot;_position&quot;:&quot;absolute&quot;}\" data-widget_type=\"menu-anchor.default\">\n\t\t\t\t<div class=\"elementor-widget-container\">\n\t\t\t\t\t\t\t<div class=\"elementor-menu-anchor\" id=\"depoimentos\"><\/div>\n\t\t\t\t\t\t<\/div>\n\t\t\t\t<\/div>\n\t\t\t\t\t<\/div>\n\t\t<\/div>\n\t\t\t\t\t<\/div>\n\t\t<\/section>\n\t\t\t\t<section class=\"elementor-section elementor-top-section elementor-element elementor-element-d3f3148 elementor-section-boxed elementor-section-height-default elementor-section-height-default wpr-particle-no wpr-jarallax-no wpr-parallax-no wpr-sticky-section-no wpr-equal-height-no\" data-id=\"d3f3148\" data-element_type=\"section\" data-settings=\"{&quot;background_background&quot;:&quot;classic&quot;}\">\n\t\t\t\t\t\t<div class=\"elementor-container elementor-column-gap-default\">\n\t\t\t\t\t<div class=\"elementor-column elementor-col-100 elementor-top-column elementor-element elementor-element-ba884d6\" data-id=\"ba884d6\" data-element_type=\"column\" data-settings=\"{&quot;background_background&quot;:&quot;classic&quot;}\">\n\t\t\t<div class=\"elementor-widget-wrap elementor-element-populated\">\n\t\t\t\t\t\t<div class=\"elementor-element elementor-element-5961552 elementor-widget__width-initial animated-slow elementor-invisible elementor-widget elementor-widget-heading\" data-id=\"5961552\" data-element_type=\"widget\" data-settings=\"{&quot;_animation&quot;:&quot;fadeIn&quot;}\" data-widget_type=\"heading.default\">\n\t\t\t\t<div class=\"elementor-widget-container\">\n\t\t\t\t\t<h2 class=\"elementor-heading-title elementor-size-default\">Depoimentos sobre a psicoterapia<\/h2>\t\t\t\t<\/div>\n\t\t\t\t<\/div>\n\t\t\t\t<div class=\"elementor-element elementor-element-c0f503e elementor-widget elementor-widget-menu-anchor\" data-id=\"c0f503e\" data-element_type=\"widget\" data-widget_type=\"menu-anchor.default\">\n\t\t\t\t<div class=\"elementor-widget-container\">\n\t\t\t\t\t\t\t<div class=\"elementor-menu-anchor\" id=\"dep\"><\/div>\n\t\t\t\t\t\t<\/div>\n\t\t\t\t<\/div>\n\t\t\t\t<div class=\"elementor-element elementor-element-1489475 elementor-widget__width-initial animated-slow elementor-invisible elementor-widget elementor-widget-heading\" data-id=\"1489475\" data-element_type=\"widget\" data-settings=\"{&quot;_animation&quot;:&quot;fadeIn&quot;}\" data-widget_type=\"heading.default\">\n\t\t\t\t<div class=\"elementor-widget-container\">\n\t\t\t\t\t<h6 class=\"elementor-heading-title elementor-size-default\">(Todos os publicados aqui foram colhidos de forma espont\u00e2nea e com autoriza\u00e7\u00e3o para publicar sob anonimato)<\/h6>\t\t\t\t<\/div>\n\t\t\t\t<\/div>\n\t\t\t\t<div class=\"elementor-element elementor-element-4bb06f5 animated-slow elementor-widget-divider--view-line elementor-invisible elementor-widget elementor-widget-divider\" data-id=\"4bb06f5\" data-element_type=\"widget\" data-settings=\"{&quot;_animation&quot;:&quot;slideInLeft&quot;,&quot;_animation_delay&quot;:100}\" data-widget_type=\"divider.default\">\n\t\t\t\t<div class=\"elementor-widget-container\">\n\t\t\t\t\t\t\t<div class=\"elementor-divider\">\n\t\t\t<span class=\"elementor-divider-separator\">\n\t\t\t\t\t\t<\/span>\n\t\t<\/div>\n\t\t\t\t\t\t<\/div>\n\t\t\t\t<\/div>\n\t\t\t\t<section class=\"elementor-section elementor-inner-section elementor-element elementor-element-ae9fdc4 animated-slow elementor-section-boxed elementor-section-height-default elementor-section-height-default wpr-particle-no wpr-jarallax-no wpr-parallax-no wpr-sticky-section-no wpr-equal-height-no\" data-id=\"ae9fdc4\" data-element_type=\"section\" data-settings=\"{&quot;animation&quot;:&quot;none&quot;}\">\n\t\t\t\t\t\t<div class=\"elementor-container elementor-column-gap-default\">\n\t\t\t\t\t<div class=\"elementor-column elementor-col-50 elementor-inner-column elementor-element elementor-element-e24f4f3\" data-id=\"e24f4f3\" data-element_type=\"column\">\n\t\t\t<div class=\"elementor-widget-wrap elementor-element-populated\">\n\t\t\t\t\t\t<div class=\"elementor-element elementor-element-3d0afa4 animated-slow elementor-invisible elementor-widget elementor-widget-text-editor\" data-id=\"3d0afa4\" data-element_type=\"widget\" data-settings=\"{&quot;_animation&quot;:&quot;fadeIn&quot;}\" data-widget_type=\"text-editor.default\">\n\t\t\t\t<div class=\"elementor-widget-container\">\n\t\t\t\t\t\t\t\t\t<p style=\"text-align: center;\">&#8220;<span style=\"background-color: var( --e-global-color-993c4c9 );\">O processo terapeutico me ajudou bastante nos ultimos anos a entender melhor os meus sentimentos e dar nome a eles. Sinto que tive muitos progressos relacionados a impor os meus limites nas rela\u00e7oes profissionais. Alem disso compreendi melhor o que eu espero dos meus relacionamentos e quais sao as minhas prioridades. Melhorei muito a qualidade do meu sono e agrade\u00e7o bastante a terapia por isso. Sinto que hoje eu consigo controlar melhor a minha ansiedade e percebo os sinais que o meu corpo da quando tem algum desequilibrio emocional.\u00a0<\/span><span style=\"font-size: 15px; color: var( --e-global-color-text ); background-color: var( --e-global-color-993c4c9 );\">Para mim o ambiente da terapia sempre foi muito agradavel, consigo me abrir, falar o que eu estou sentindo e me sinto compreendida.&#8221;<\/span><span style=\"font-size: 15px; background-color: var( --e-global-color-993c4c9 );\"><span style=\"color: #ba0000;\">\u00a0<\/span><\/span><span style=\"font-size: 15px; color: var( --e-global-color-text ); background-color: var( --e-global-color-993c4c9 );\"><span style=\"color: #a5785d;\">Biomedica, 31 anos<\/span><\/span><\/p>\t\t\t\t\t\t\t\t<\/div>\n\t\t\t\t<\/div>\n\t\t\t\t<div class=\"elementor-element elementor-element-19e4a82 animated-slow elementor-invisible elementor-widget elementor-widget-text-editor\" data-id=\"19e4a82\" data-element_type=\"widget\" data-settings=\"{&quot;_animation&quot;:&quot;fadeIn&quot;}\" data-widget_type=\"text-editor.default\">\n\t\t\t\t<div class=\"elementor-widget-container\">\n\t\t\t\t\t\t\t\t\t<p style=\"text-align: center;\">&#8220;<span style=\"background-color: var( --e-global-color-993c4c9 );\">Minha experi\u00eancia terap\u00eautica tem sido extremamente positiva e enriquecedora. A praticidade do atendimento online \u00e9 perfeita para mim, pois me permite aproveitar a sess\u00e3o sem a necessidade de deslocamento, algo que valorizo muito. Durante as sess\u00f5es, sinto-me sempre acolhida e direcionada de forma construtiva. A cada encontro, sou levada a reflex\u00f5es profundas que me ajudam a entender melhor meus sentimentos e a promover um verdadeiro crescimento pessoal.\u00a0<\/span><span style=\"background-color: var( --e-global-color-993c4c9 );\">N\u00e3o tenho nenhuma cr\u00edtica a fazer. Sinto que o v\u00ednculo est\u00e1 sendo constru\u00eddo de maneira muito segura, confi\u00e1vel e tranquila. A abordagem \u00e9 acolhedora e eficaz e tenho confian\u00e7a no processo que estamos construindo juntos.<\/span><span style=\"font-size: 15px; color: var( --e-global-color-text ); background-color: var( --e-global-color-993c4c9 );\">&#8220;<span style=\"color: #ba0000;\">\u00a0<\/span><\/span><span style=\"font-size: 15px; color: var( --e-global-color-text ); background-color: var( --e-global-color-993c4c9 );\"><span style=\"color: #a5785d;\">Esteticista, 39 anos<\/span><\/span><\/p>\t\t\t\t\t\t\t\t<\/div>\n\t\t\t\t<\/div>\n\t\t\t\t<div class=\"elementor-element elementor-element-90d37e0 animated-slow elementor-invisible elementor-widget elementor-widget-text-editor\" data-id=\"90d37e0\" data-element_type=\"widget\" data-settings=\"{&quot;_animation&quot;:&quot;fadeIn&quot;}\" data-widget_type=\"text-editor.default\">\n\t\t\t\t<div class=\"elementor-widget-container\">\n\t\t\t\t\t\t\t\t\t<p style=\"text-align: center;\">&#8220;<span style=\"background-color: var( --e-global-color-993c4c9 );\">At\u00e9 o momento estou bem satisfeita com a abordagem. Eu sinto que as reflex\u00f5es que tenho feito tem me fortalecido com o passar do tempo, no sentido de me entender mais, de olhar mais para meus pr\u00f3prios sentimentos e conseguir acolh\u00ea-los da melhor forma. Acredito que \u00e9 a partir disso que consigo ir transformando as coisas que desejo na minha realidade.&#8221;<span style=\"color: #ba0000;\">\u00a0<\/span><\/span><span style=\"background-color: var( --e-global-color-993c4c9 );\"><span style=\"color: #a5785d;\">Pesquisadora, 36 anos<\/span><\/span><\/p>\t\t\t\t\t\t\t\t<\/div>\n\t\t\t\t<\/div>\n\t\t\t\t<div class=\"elementor-element elementor-element-f67524c animated-slow elementor-invisible elementor-widget elementor-widget-text-editor\" data-id=\"f67524c\" data-element_type=\"widget\" data-settings=\"{&quot;_animation&quot;:&quot;fadeIn&quot;}\" data-widget_type=\"text-editor.default\">\n\t\t\t\t<div class=\"elementor-widget-container\">\n\t\t\t\t\t\t\t\t\t<p style=\"text-align: center;\">&#8220;<span style=\"background-color: var( --e-global-color-993c4c9 );\">Venho na terapia a algum tempo e consigo ver o quanto cresci e evolu\u00ed. Sei que isso \u00e9 pela forma que o Renner consegue abordar temas, trazer falas assertivas, conseguir chegar no ponto que necessita de aten\u00e7\u00e3o com sutileza para que o processo de cura ocorra. A terapia \u00e9 um processo interno, mas n\u00e3o ocorre sem que o profissional te veja e enxergue o que necessita de aux\u00edlio.\u00a0<\/span><span style=\"font-size: 15px; color: var( --e-global-color-text ); background-color: var( --e-global-color-993c4c9 );\">Sou muito grata pelas horas que temos, onde eu me vejo e me respeito, conseguindo me organizar internamente.\u00a0<\/span><span style=\"font-size: 15px; color: var( --e-global-color-text ); background-color: var( --e-global-color-993c4c9 );\">Sou algu\u00e9m mais feliz, consciente, respeitosa consigo e algu\u00e9m melhor por ter um apoio e isso \u00e9 gra\u00e7as a pessoa do Renner.\u00a0<\/span><span style=\"font-size: 15px; color: var( --e-global-color-text ); background-color: var( --e-global-color-993c4c9 );\">Gratid\u00e3o e respeito por tudo que fizemos e fazemos para o meu eu interior.\u00a0<\/span><span style=\"font-size: 15px; color: var( --e-global-color-text ); background-color: var( --e-global-color-993c4c9 );\">Terapia \u00e9 libertador!<\/span><span style=\"font-size: 15px; color: var( --e-global-color-text ); background-color: var( --e-global-color-993c4c9 );\">&#8221;\u00a0<\/span><span style=\"background-color: var( --e-global-color-993c4c9 );\"><span style=\"color: #a5785d;\">Analista de Planejamento<\/span><\/span><strong style=\"font-size: 15px; color: var( --e-global-color-text ); background-color: var( --e-global-color-993c4c9 );\"><span style=\"color: #a5785d;\">, 32 anos<\/span><\/strong><\/p>\t\t\t\t\t\t\t\t<\/div>\n\t\t\t\t<\/div>\n\t\t\t\t<div class=\"elementor-element elementor-element-9ceddd7 animated-slow elementor-invisible elementor-widget elementor-widget-text-editor\" data-id=\"9ceddd7\" data-element_type=\"widget\" data-settings=\"{&quot;_animation&quot;:&quot;fadeIn&quot;}\" data-widget_type=\"text-editor.default\">\n\t\t\t\t<div class=\"elementor-widget-container\">\n\t\t\t\t\t\t\t\t\t<p>&#8220;O processo terap\u00eautico foi de grande acolhimento e me auxiliou a conseguir ter for\u00e7a para enfrentar situa\u00e7\u00f5es pessoais das quais tinha dificuldades. Sou grata pelo processo terap\u00eautico responsivo, t\u00e9cnico, acolhedor. Pude em pouco tempo de terapia aprender a ter suporte de enfrentamento e acolhimento interno e isso auxiliou na minha busca individual para entender que o processo de cura \u00e9 uma constante di\u00e1ria de aprendizagem. Gratid\u00e3o a voc\u00ea Renner. Obrigada.&#8221;\u00a0<strong><span style=\"color: #a5785d;\">Aut\u00f4noma, 32 anos<\/span><\/strong><\/p>\t\t\t\t\t\t\t\t<\/div>\n\t\t\t\t<\/div>\n\t\t\t\t<div class=\"elementor-element elementor-element-1745c75 animated-slow elementor-invisible elementor-widget elementor-widget-text-editor\" data-id=\"1745c75\" data-element_type=\"widget\" data-settings=\"{&quot;_animation&quot;:&quot;fadeIn&quot;}\" data-widget_type=\"text-editor.default\">\n\t\t\t\t<div class=\"elementor-widget-container\">\n\t\t\t\t\t\t\t\t\t&#8220;Os momentos de terapia tem sido revolucion\u00e1rios. Minha vida e a maneira com a qual eu lido com ela mudaram completamente para melhor. \u00c9 incr\u00edvel o quanto voc\u00ea me ajuda a ver uma mesma situa\u00e7\u00e3o por infinitos \u00e2ngulos diferentes e refletir sobre quest\u00f5es que, muitas vezes, passam despercebidas. Muito obrigado!&#8221; <strong><span style=\"color: #a5785d;\">Professor, 25 anos<\/span><\/strong>\t\t\t\t\t\t\t\t<\/div>\n\t\t\t\t<\/div>\n\t\t\t\t<div class=\"elementor-element elementor-element-ab418be animated-slow elementor-invisible elementor-widget elementor-widget-text-editor\" data-id=\"ab418be\" data-element_type=\"widget\" data-settings=\"{&quot;_animation&quot;:&quot;fadeIn&quot;}\" data-widget_type=\"text-editor.default\">\n\t\t\t\t<div class=\"elementor-widget-container\">\n\t\t\t\t\t\t\t\t\t&#8220;A terapia tem me auxiliado bastante a compreender tudo o que acontece \u00e0 minha volta e o modo como devo me relacionar diante de problemas que antes eu n\u00e3o sabia como resolver e nem como aceitar o que n\u00e3o dependia somente de mim. H\u00e1 uma melhora muito grande nas minhas rela\u00e7\u00f5es inter-pessoais. A forma como tem a terapia tem sido feita me atende e me deixa a vontade para expor tudo o que acontece.&#8221; <strong><span style=\"color: #a5785d;\">Designer de Interiores, 31 anos<\/span><\/strong>\t\t\t\t\t\t\t\t<\/div>\n\t\t\t\t<\/div>\n\t\t\t\t<div class=\"elementor-element elementor-element-3b36c11 animated-slow elementor-invisible elementor-widget elementor-widget-text-editor\" data-id=\"3b36c11\" data-element_type=\"widget\" data-settings=\"{&quot;_animation&quot;:&quot;fadeIn&quot;}\" data-widget_type=\"text-editor.default\">\n\t\t\t\t<div class=\"elementor-widget-container\">\n\t\t\t\t\t\t\t\t\t&#8220;Foi muito bom. Me senti acolhida, respeitada e com perspectivas de melhoria na qualidade de vida pessoal. A terapia\u00a0me levou para lugares onde me encontrei como ser humano.&#8221; <strong><span style=\"color: #a5785d;\">Do lar, 59 anos<\/span><\/strong>\t\t\t\t\t\t\t\t<\/div>\n\t\t\t\t<\/div>\n\t\t\t\t<div class=\"elementor-element elementor-element-0cc4d11 animated-slow elementor-invisible elementor-widget elementor-widget-text-editor\" data-id=\"0cc4d11\" data-element_type=\"widget\" data-settings=\"{&quot;_animation&quot;:&quot;fadeIn&quot;}\" data-widget_type=\"text-editor.default\">\n\t\t\t\t<div class=\"elementor-widget-container\">\n\t\t\t\t\t\t\t\t\t&#8220;Antes de iniciar a terapia, eu estava bastante desmotivada em v\u00e1rios aspectos da minha vida. Apesar de me encontrar em uma posi\u00e7\u00e3o que por muito tempo desejei, n\u00e3o me sentia satisfeita, faltava-me energia para realizar as atividades de trabalho, ou mesmo de lazer. Estava esgotada a ponto de passar v\u00e1rios dias dentro do quarto. Distante de todas as pessoas que me s\u00e3o pr\u00f3ximas, passei a ter momentos de muita ang\u00fastia diante da solid\u00e3o. Quando percebi que realmente n\u00e3o conseguiria recuperar minhas energias sozinha, e que logo eu poderia me prejudicar ou deixar na m\u00e3o pessoas que contavam comigo, decidi procurar ajuda. Cheguei a pesquisar por v\u00e1rios profissionais na internet, mas olhando o site eu imediatamente me simpatizei com o Renner, pois lendo seus textos e vendo as fotos do consult\u00f3rio eu consegui captar tra\u00e7os da compreens\u00e3o e do acolhimento que ele oferece. Apesar do receio que eu tinha de ir para lugares desconhecidos e de conversar com pessoas tamb\u00e9m desconhecidas, iniciei a terapia. O espa\u00e7o \u00e9 muito bonito e bastante confort\u00e1vel. Atrav\u00e9s da terapia pude conhecer outras filosofias de vida, h\u00e1bitos e padr\u00f5es de pensamento que me tiraram do ciclo de esfor\u00e7o e frustra\u00e7\u00e3o em que me encontrava, permitindo que eu respeitasse mais as demandas da minha mente e do meu corpo, permitindo que eu conseguisse atender \u00e0s demandas externas sem sofrimento. Antes da terapia, eu me sentia como se estivesse dentro de uma caixinha muito pequena e no escuro, mas agora sinto que a cada sess\u00e3o ganho mais possibilidades de lidar com diferentes situa\u00e7\u00f5es. Estou motivada novamente com a minha rotina, consigo enxergar sentido nas coisas que fa\u00e7o, como tamb\u00e9m passei a fazer coisas que trazem sentido para a minha vida. As propostas, reflex\u00f5es, sugest\u00f5es, todas conduzidas com muita simpatia, paci\u00eancia e compreens\u00e3o, produziram diferen\u00e7as significativas na minha forma de pensar e de viver. &#8221; <strong><span style=\"color: #a5785d;\">Estudante de P\u00f3s-gradua\u00e7\u00e3o, 24 anos<\/span><\/strong>\t\t\t\t\t\t\t\t<\/div>\n\t\t\t\t<\/div>\n\t\t\t\t<div class=\"elementor-element elementor-element-039ad43 animated-slow elementor-invisible elementor-widget elementor-widget-text-editor\" data-id=\"039ad43\" data-element_type=\"widget\" data-settings=\"{&quot;_animation&quot;:&quot;fadeIn&quot;}\" data-widget_type=\"text-editor.default\">\n\t\t\t\t<div class=\"elementor-widget-container\">\n\t\t\t\t\t\t\t\t\t&#8220;O processo terap\u00eautico, at\u00e9 o momento, tem atendido minhas expectativas e funcionado como catalizador das mudan\u00e7as que busco em minha vida.&#8221; <strong><span style=\"color: #a5785d;\">Funcion\u00e1rio P\u00fablico, 39 anos<\/span><\/strong>\t\t\t\t\t\t\t\t<\/div>\n\t\t\t\t<\/div>\n\t\t\t\t<div class=\"elementor-element elementor-element-312c51f animated-slow elementor-invisible elementor-widget elementor-widget-text-editor\" data-id=\"312c51f\" data-element_type=\"widget\" data-settings=\"{&quot;_animation&quot;:&quot;fadeIn&quot;}\" data-widget_type=\"text-editor.default\">\n\t\t\t\t<div class=\"elementor-widget-container\">\n\t\t\t\t\t\t\t\t\t&#8220;Atrav\u00e9s da terapia, consegui melhorar meu conhecimento de mim mesma. Tinha muitas coisas guardadas que n\u00e3o me faziam bem e hoje conseguimos trabalhar isso para que deixasse de ser um problema. A terapia me fez reconhecer que podemos nos ajudar sempre, precisamos apenas de um norte. Conseguir acalmar a mente para poder agir com mais consci\u00eancia, conseguir se achar em todas as d\u00favidas e medo. Somos um po\u00e7o de duvidas e receios, mas as vezes conseguimos nos encontrar. Hoje sou grata por poder fazer terapia.&#8221; <strong><span style=\"color: #a5785d;\">Assistente de escrit\u00f3rio, 26 anos<\/span><\/strong>\t\t\t\t\t\t\t\t<\/div>\n\t\t\t\t<\/div>\n\t\t\t\t<div class=\"elementor-element elementor-element-dab20a7 animated-slow elementor-invisible elementor-widget elementor-widget-text-editor\" data-id=\"dab20a7\" data-element_type=\"widget\" data-settings=\"{&quot;_animation&quot;:&quot;fadeIn&quot;}\" data-widget_type=\"text-editor.default\">\n\t\t\t\t<div class=\"elementor-widget-container\">\n\t\t\t\t\t\t\t\t\t&#8220;O espa\u00e7o \u00e9 bem agrad\u00e1vel, profissional atencioso e acolhedor. Estou mais perto do que \u00e9 real, m\u00e1scaras e cren\u00e7as est\u00e3o se desvelando. Sentimento de aceita\u00e7\u00e3o. Obrigado pela abertura propiciada, possibilitar que eu mesmo descubra em mim novas possibilidades.&#8221; <strong><span style=\"color: #a5785d;\">Estudante de Psicologia, 26 anos<\/span><\/strong>\t\t\t\t\t\t\t\t<\/div>\n\t\t\t\t<\/div>\n\t\t\t\t<div class=\"elementor-element elementor-element-2788314 animated-slow elementor-invisible elementor-widget elementor-widget-text-editor\" data-id=\"2788314\" data-element_type=\"widget\" data-settings=\"{&quot;_animation&quot;:&quot;fadeIn&quot;}\" data-widget_type=\"text-editor.default\">\n\t\t\t\t<div class=\"elementor-widget-container\">\n\t\t\t\t\t\t\t\t\t&#8220;Me senti realmente muito a vontade e sempre bem recebido por voc\u00ea, as vezes me surpreendeu com seu racioc\u00ednio e modo de encarar situa\u00e7\u00f5es.&#8221; <strong><span style=\"color: #a5785d;\">Motorista, 34 anos<\/span><\/strong>\t\t\t\t\t\t\t\t<\/div>\n\t\t\t\t<\/div>\n\t\t\t\t<div class=\"elementor-element elementor-element-53fd5a9 animated-slow elementor-invisible elementor-widget elementor-widget-text-editor\" data-id=\"53fd5a9\" data-element_type=\"widget\" data-settings=\"{&quot;_animation&quot;:&quot;fadeIn&quot;}\" data-widget_type=\"text-editor.default\">\n\t\t\t\t<div class=\"elementor-widget-container\">\n\t\t\t\t\t\t\t\t\t&#8220;Comecei minhas consultas no come\u00e7o de 2016, onde me via totalmente perdida em rela\u00e7\u00e3o a diversos problemas pessoais, n\u00e3o poderia ter escolhido profissional melhor. S\u00f3 tenho coisas boas a dizer, s\u00f3 tenho o que agradecer, a melhora \u00e9 evidente.&#8221; <strong><span style=\"color: #a5785d;\">Aut\u00f4noma, 22 anos<\/span><\/strong>\t\t\t\t\t\t\t\t<\/div>\n\t\t\t\t<\/div>\n\t\t\t\t<div class=\"elementor-element elementor-element-292a01f animated-slow elementor-invisible elementor-widget elementor-widget-text-editor\" data-id=\"292a01f\" data-element_type=\"widget\" data-settings=\"{&quot;_animation&quot;:&quot;fadeIn&quot;}\" data-widget_type=\"text-editor.default\">\n\t\t\t\t<div class=\"elementor-widget-container\">\n\t\t\t\t\t\t\t\t\t<p style=\"text-align: center;\"><strong>&#8220;Muito boa a experi\u00eancia. Profissional s\u00e9rio e comprometido com o bem estar do paciente.<br \/>(Poema de autoria do cliente enviado para mim)<br \/>TUA MISS\u00c3O&#8230;<br \/>Tua miss\u00e3o est\u00e1 em seu cora\u00e7\u00e3o<br \/>Em cada um que leva a compreens\u00e3o<br \/>Teu talento \u00e9 servir<br \/>Isso \u00e9 que te incentiva seguir<br \/>Teus ouvidos que escutam<br \/>Com paci\u00eancia absoluta<br \/>E traz a reflex\u00e3o em seguida<br \/>De tua lavoura colhida<br \/>Segue assim meu irm\u00e3o<br \/>Te louvo em gratid\u00e3o<br \/>Por ter estendido a m\u00e3o<br \/>Em tempos de muita afli\u00e7\u00e3o<br \/>Fizeras um amigo da estrada<br \/>Siga firme sua caminhada<br \/>Ela sempre ser\u00e1 iluminada&#8221;<span style=\"color: #a5785d;\"><br \/>Desenvolvedor web, 53 anos<\/span><\/strong><\/p>\t\t\t\t\t\t\t\t<\/div>\n\t\t\t\t<\/div>\n\t\t\t\t<div class=\"elementor-element elementor-element-fb77945 animated-slow elementor-invisible elementor-widget elementor-widget-text-editor\" data-id=\"fb77945\" data-element_type=\"widget\" data-settings=\"{&quot;_animation&quot;:&quot;fadeIn&quot;}\" data-widget_type=\"text-editor.default\">\n\t\t\t\t<div class=\"elementor-widget-container\">\n\t\t\t\t\t\t\t\t\t&#8220;Minha experi\u00eancia foi bastante positiva, tive a oportunidade de refletir sobre diversas perspectivas antes inimaginadas. Todas as vezes que saia do consult\u00f3rio me sentia muito melhor do que quando havia entrado!\u00a0O espa\u00e7o da clinica \u00e9 muito acolhedor!&#8221;\u00a0<strong><span style=\"color: #a5785d;\">Adminstradora, 25 anos<\/span><\/strong>\t\t\t\t\t\t\t\t<\/div>\n\t\t\t\t<\/div>\n\t\t\t\t<div class=\"elementor-element elementor-element-f93c004 animated-slow elementor-invisible elementor-widget elementor-widget-text-editor\" data-id=\"f93c004\" data-element_type=\"widget\" data-settings=\"{&quot;_animation&quot;:&quot;fadeIn&quot;}\" data-widget_type=\"text-editor.default\">\n\t\t\t\t<div class=\"elementor-widget-container\">\n\t\t\t\t\t\t\t\t\t&#8220;A terapia foi \u00f3tima e efetiva para o meu caso de ansiedade, mas n\u00e3o consegui aprofundar mais por quest\u00f5es financeiras. Te achei humano e respons\u00e1vel e flex\u00edvel no que diz respeito aos hor\u00e1rios que podem ser marcados: de manh\u00e3,\u00a0tarde e noite de acordo com a sua disponibilidade. \u00c9 poss\u00edvel te contatar atrav\u00e9s das redes sociais, isso \u00e9 muito bom e o local do consult\u00f3rio \u00e9 adequado para a t\u00e9cnica. O desconto para estudantes universit\u00e1rios \u00e9 \u00f3timo.&#8221; <strong><span style=\"color: #a5785d;\">Analista, 26 anos<\/span><\/strong>\t\t\t\t\t\t\t\t<\/div>\n\t\t\t\t<\/div>\n\t\t\t\t<div class=\"elementor-element elementor-element-e497bd6 animated-slow elementor-invisible elementor-widget elementor-widget-text-editor\" data-id=\"e497bd6\" data-element_type=\"widget\" data-settings=\"{&quot;_animation&quot;:&quot;fadeIn&quot;}\" data-widget_type=\"text-editor.default\">\n\t\t\t\t<div class=\"elementor-widget-container\">\n\t\t\t\t\t\t\t\t\t&#8220;Ap\u00f3s 29 anos de muita dificuldade, praticamente uma fobia de experimentar alimentos novos, limitando assim muito minha dieta, resolvi procurar ajuda profissional. Comecei a sentir mais seguran\u00e7a em experimentar comidas l\u00e1 pela terceira ou quarta sess\u00e3o. Sentia que toda a ansiedade ao ser posto em frente a um alimento novo, havia diminu\u00eddo, ao ponto de conseguir experimenta-lo sem a sensa\u00e7\u00e3o de que vomitaria toda a comida. E a cada nova comida que experimentava e percebia que gostava me dava mais for\u00e7a para comer outras. Isto n\u00e3o est\u00e1 apenas me ajudando na parte nutricional, mas tamb\u00e9m na parte social, pois posso ir comer em lugares novos sem ficar com uma grande ansiedade. E mesmo que ela apare\u00e7a sei como controla-la. Desde que iniciei a terapia, percebi um grande desenvolvimento no \u00e2mbito alimentar. E com o passar do tempo vi que estava melhorando em aspectos que n\u00e3o havia percebido que deveriam ser melhorados.&#8221; <strong><span style=\"color: #a5785d;\">Pesquisador, 30 anos<\/span><\/strong>\t\t\t\t\t\t\t\t<\/div>\n\t\t\t\t<\/div>\n\t\t\t\t<div class=\"elementor-element elementor-element-4023bbd animated-slow elementor-invisible elementor-widget elementor-widget-text-editor\" data-id=\"4023bbd\" data-element_type=\"widget\" data-settings=\"{&quot;_animation&quot;:&quot;fadeIn&quot;}\" data-widget_type=\"text-editor.default\">\n\t\t\t\t<div class=\"elementor-widget-container\">\n\t\t\t\t\t\t\t\t\t&#8220;Foi uma experi\u00eancia interessante e positiva. O local \u00e9 \u00f3timo, a acolhida bem emp\u00e1tica. Me fez ver as coisas por outros \u00e2ngulos. Foi a primeira vez que tive a sensa\u00e7\u00e3o que algu\u00e9m realmente entendia o que me angustiava e isso foi para mim crucial no atendimento. Infelizmente tive que interromper, por\u00e9m assim que poss\u00edvel voltarei a participar.&#8221; <strong><span style=\"color: #a5785d;\">Servidor P\u00fablico, 38 anos<\/span><\/strong>\t\t\t\t\t\t\t\t<\/div>\n\t\t\t\t<\/div>\n\t\t\t\t<div class=\"elementor-element elementor-element-2589f66 animated-slow elementor-invisible elementor-widget elementor-widget-text-editor\" data-id=\"2589f66\" data-element_type=\"widget\" data-settings=\"{&quot;_animation&quot;:&quot;fadeIn&quot;}\" data-widget_type=\"text-editor.default\">\n\t\t\t\t<div class=\"elementor-widget-container\">\n\t\t\t\t\t\t\t\t\t&#8220;Desenvolvi uma \u00f3tima rela\u00e7\u00e3o com o espa\u00e7o para analisar a despeito de minhas d\u00favidas ou inseguran\u00e7as, dando a mim condi\u00e7\u00f5es de avaliar muitas escolhas.&#8221; <strong><span style=\"color: #a5785d;\">Assistente Social, 55 anos<\/span><\/strong>\t\t\t\t\t\t\t\t<\/div>\n\t\t\t\t<\/div>\n\t\t\t\t<div class=\"elementor-element elementor-element-d64a5cb animated-slow elementor-invisible elementor-widget elementor-widget-text-editor\" data-id=\"d64a5cb\" data-element_type=\"widget\" data-settings=\"{&quot;_animation&quot;:&quot;fadeIn&quot;}\" data-widget_type=\"text-editor.default\">\n\t\t\t\t<div class=\"elementor-widget-container\">\n\t\t\t\t\t\t\t\t\t&#8220;Sinto que muito mudou em mim ap\u00f3s nossas conversas. Eu nunca me senti confort\u00e1vel com a ideia de estar em uma sess\u00e3o terap\u00eautica, conversando sobre assuntos \u00edntimos e me sentindo vulner\u00e1vel. O interessante \u00e9 que, assim que come\u00e7am as conversas, tenho vontade de falar sobre tudo que me acontece e gravar todos os seus coment\u00e1rios para repetir todos os dias. Tanto o espa\u00e7o quanto a forma de tratamento s\u00e3o muito acolhedores. A sensa\u00e7\u00e3o que tenho ap\u00f3s as sess\u00f5es \u00e9 de um direcionamento, onde consigo limpar um pouco a confus\u00e3o de pensamentos e focar melhor em uma forma de processar o que est\u00e1 fora do lugar. Ap\u00f3s todas as sess\u00f5es me senti mais tranquila e centrada. Os \u00e1udios me ajudaram muito a descarregar um pouco a mente, a adormecer quando parecia imposs\u00edvel, e talvez at\u00e9 eu tenha melhorado minha capacidade de foco por causa deles. A sensa\u00e7\u00e3o que tenho \u00e9 que toda a experi\u00eancia terap\u00eautica me fez uma pessoa mais agrad\u00e1vel. N\u00e3o sei se para as pessoas que convivem comigo, mas para mim.&#8221; <strong><span style=\"color: #a5785d;\">Bi\u00f3loga, 30 anos<\/span><\/strong>\t\t\t\t\t\t\t\t<\/div>\n\t\t\t\t<\/div>\n\t\t\t\t<div class=\"elementor-element elementor-element-8752bc5 animated-slow elementor-invisible elementor-widget elementor-widget-text-editor\" data-id=\"8752bc5\" data-element_type=\"widget\" data-settings=\"{&quot;_animation&quot;:&quot;fadeIn&quot;}\" data-widget_type=\"text-editor.default\">\n\t\t\t\t<div class=\"elementor-widget-container\">\n\t\t\t\t\t\t\t\t\t&#8220;Uma palavra muito relevante em minha jornada pessoal \u00e9 crescimento, e esse sentimento de evolu\u00e7\u00e3o \u00e9 justamente o ponto mais marcante durante toda essa caminhada terap\u00eautica. Uma rela\u00e7\u00e3o franca e o sentimento de que as coisas se desenvolvem de forma muito justa, com confian\u00e7a, s\u00e3o outros apontamentos que gostaria de anotar sobre esse per\u00edodo de conv\u00edvio.&#8221; <strong><span style=\"color: #a5785d;\">Funcion\u00e1rio P\u00fablico, 41 anos<\/span><\/strong>\t\t\t\t\t\t\t\t<\/div>\n\t\t\t\t<\/div>\n\t\t\t\t\t<\/div>\n\t\t<\/div>\n\t\t\t\t<div class=\"elementor-column elementor-col-50 elementor-inner-column elementor-element elementor-element-69b1284\" data-id=\"69b1284\" data-element_type=\"column\">\n\t\t\t<div class=\"elementor-widget-wrap elementor-element-populated\">\n\t\t\t\t\t\t<div class=\"elementor-element elementor-element-895b7f8 animated-slow elementor-invisible elementor-widget elementor-widget-text-editor\" data-id=\"895b7f8\" data-element_type=\"widget\" data-settings=\"{&quot;_animation&quot;:&quot;fadeIn&quot;}\" data-widget_type=\"text-editor.default\">\n\t\t\t\t<div class=\"elementor-widget-container\">\n\t\t\t\t\t\t\t\t\t<p>&#8220;<span style=\"background-color: var( --e-global-color-993c4c9 );\">Voc\u00ea me ajudou nos piores momentos da minha vida, que como bem sabe, tem sido perturbada nos \u00faltimos anos. Me deu alicerce para que eu pudesse buscar certa estabilidade emocional, me trouxe insights sobre rela\u00e7\u00f5es interpessoais que dificilmente teria conseguido de forma aut\u00f4noma. Sinto que o processo de terapia contigo me fez ser uma pessoa muito mais agrad\u00e1vel e resiliente.\u00a0<\/span><span style=\"font-size: 15px; color: var( --e-global-color-text ); background-color: var( --e-global-color-993c4c9 );\">Pude aprender a expressar e entender melhor meus sentimentos e como minhas a\u00e7\u00f5es influenciam as pessoas ao meu redor.\u00a0<\/span><span style=\"font-size: 15px; color: var( --e-global-color-text ); background-color: var( --e-global-color-993c4c9 );\">Devo muito da pessoa que sou hoje a voc\u00ea, Renner.\u00a0<\/span><span style=\"font-size: 15px; color: var( --e-global-color-text ); background-color: var( --e-global-color-993c4c9 );\">&#8221; <\/span><strong style=\"font-size: 15px; color: var( --e-global-color-text ); background-color: var( --e-global-color-993c4c9 );\"><span style=\"color: #a5785d;\">M\u00e9dico, 31 anos<\/span><\/strong><\/p>\t\t\t\t\t\t\t\t<\/div>\n\t\t\t\t<\/div>\n\t\t\t\t<div class=\"elementor-element elementor-element-15fc25d animated-slow elementor-invisible elementor-widget elementor-widget-text-editor\" data-id=\"15fc25d\" data-element_type=\"widget\" data-settings=\"{&quot;_animation&quot;:&quot;fadeIn&quot;}\" data-widget_type=\"text-editor.default\">\n\t\t\t\t<div class=\"elementor-widget-container\">\n\t\t\t\t\t\t\t\t\t<p>&#8220;Surpreendida com o quanto a vida pode mudar inesperada e independentemente dos planos que eu havia feito, fico feliz de poder continuar contando com a terapia, que j\u00e1 completou alguns anivers\u00e1rios. Fico surpreendida, tamb\u00e9m, com a pessoa que me tornei, suficientemente boa, aceitavelmente m\u00e1 e inesperadamente feliz. Eu at\u00e9 que gosto dessa pessoa, depois de passar v\u00e1rios anos querendo que ela morresse. Acho que esse sentimento cresceu em escala microm\u00e9trica a cada hora de terapia, at\u00e9 que, num belo dia, finalmente nasceu. \u00c9 uma aceita\u00e7\u00e3o de si mesma muito agrad\u00e1vel de se ter; acho que tem a ver com a aceita\u00e7\u00e3o que tenho na terapia, apesar de tudo que j\u00e1 contei, do que disse que ia fazer e n\u00e3o fiz, e do que fiz sem dizer que ia fazer. Por toda compreens\u00e3o e paci\u00eancia, especialmente ao longo desse ano, aproveito para agradecer mais uma vez. Consegui melhoras &#8220;estatisticamente significativas&#8221; em v\u00e1rios pontos da minha vida, justamente por poder compartilhar com algu\u00e9m confi\u00e1vel, tranquilo e acolhedor. Obrigada.<span style=\"font-size: 15px; color: var( --e-global-color-text ); background-color: var( --e-global-color-993c4c9 );\">&#8221; <\/span><strong style=\"font-size: 15px; color: var( --e-global-color-text ); background-color: var( --e-global-color-993c4c9 );\"><span style=\"color: #a5785d;\">Professora, 30 anos<\/span><\/strong><\/p>\t\t\t\t\t\t\t\t<\/div>\n\t\t\t\t<\/div>\n\t\t\t\t<div class=\"elementor-element elementor-element-e17a788 animated-slow elementor-invisible elementor-widget elementor-widget-text-editor\" data-id=\"e17a788\" data-element_type=\"widget\" data-settings=\"{&quot;_animation&quot;:&quot;fadeIn&quot;}\" data-widget_type=\"text-editor.default\">\n\t\t\t\t<div class=\"elementor-widget-container\">\n\t\t\t\t\t\t\t\t\t<p>&#8220;Tem sido uma experi\u00eancia bem interessante, me possibilitou refletir ainda mais sobre alguns comportamentos e experi\u00eancias que j\u00e1 vivi e que planejo viver. Tem evoluindo de uma maneira natural e de uma forma que venho percebendo bastante os impactos positivos gradativamente.<span style=\"font-size: 15px; color: var( --e-global-color-text ); background-color: var( --e-global-color-993c4c9 );\">&#8221; <\/span><strong style=\"font-size: 15px; color: var( --e-global-color-text ); background-color: var( --e-global-color-993c4c9 );\"><span style=\"color: #a5785d;\">Product Designer, 32 anos<\/span><\/strong><\/p>\t\t\t\t\t\t\t\t<\/div>\n\t\t\t\t<\/div>\n\t\t\t\t<div class=\"elementor-element elementor-element-1e95ebd animated-slow elementor-invisible elementor-widget elementor-widget-text-editor\" data-id=\"1e95ebd\" data-element_type=\"widget\" data-settings=\"{&quot;_animation&quot;:&quot;fadeIn&quot;}\" data-widget_type=\"text-editor.default\">\n\t\t\t\t<div class=\"elementor-widget-container\">\n\t\t\t\t\t\t\t\t\t<p>&#8220;<span style=\"background-color: var( --e-global-color-993c4c9 );\">Sinto que tenho me desenvolvido bastante com o apoio da psicoterapia.&nbsp;<\/span><span style=\"font-size: 15px; color: var( --e-global-color-text ); background-color: var( --e-global-color-993c4c9 );\">Ampliando meu olhar, horizontes, sabendo me colocar de maneira mais clara, respeitar meus sentimentos e vontades, uma descoberta longa, as vezes dif\u00edcil mas sempre cheia de sentido.<\/span><span style=\"font-size: 15px; color: var( --e-global-color-text ); background-color: var( --e-global-color-993c4c9 );\">.&#8221; <\/span><strong style=\"font-size: 15px; color: var( --e-global-color-text ); background-color: var( --e-global-color-993c4c9 );\"><span style=\"color: #a5785d;\">Estudante, 26 anos<\/span><\/strong><\/p>\t\t\t\t\t\t\t\t<\/div>\n\t\t\t\t<\/div>\n\t\t\t\t<div class=\"elementor-element elementor-element-94619a5 animated-slow elementor-invisible elementor-widget elementor-widget-text-editor\" data-id=\"94619a5\" data-element_type=\"widget\" data-settings=\"{&quot;_animation&quot;:&quot;fadeIn&quot;}\" data-widget_type=\"text-editor.default\">\n\t\t\t\t<div class=\"elementor-widget-container\">\n\t\t\t\t\t\t\t\t\t&#8220;Sou muito grata ao Renner . Cheguei para tratamento em um momento que eu estava sofrendo muito. Hoje me sinto muito melhor. Tenho certeza que a ajuda que recebi na terapia me ajudou muito. Pra mim \u00e9 muito importante como me sinto acolhida, sem julgamentos. A forma como a sess\u00e3o \u00e9 desenvolvida me fez perceber aspectos que n\u00e3o via antes. Foi o que eu fiz de melhor por mim nos \u00faltimos anos.Pretendo dar continuidade a todo processo. Melhorar como pessoa. Viver melhor. Sou muito grata ao Renner. GRATA.&#8221; <strong><span style=\"color: #a5785d;\">M\u00e9dica, 51 anos<\/span><\/strong>\t\t\t\t\t\t\t\t<\/div>\n\t\t\t\t<\/div>\n\t\t\t\t<div class=\"elementor-element elementor-element-04a0e70 animated-slow elementor-invisible elementor-widget elementor-widget-text-editor\" data-id=\"04a0e70\" data-element_type=\"widget\" data-settings=\"{&quot;_animation&quot;:&quot;fadeIn&quot;}\" data-widget_type=\"text-editor.default\">\n\t\t\t\t<div class=\"elementor-widget-container\">\n\t\t\t\t\t\t\t\t\t&#8220;Espa\u00e7o acolhedor, profissional compreensivo, atencioso. A terapia me ajuda a ver os problemas com outros olhos me auxiliando assim a resolv\u00ea-los.&#8221; <strong><span style=\"color: #a5785d;\">Estudante, 22 anos<\/span><\/strong>\t\t\t\t\t\t\t\t<\/div>\n\t\t\t\t<\/div>\n\t\t\t\t<div class=\"elementor-element elementor-element-39e0324 animated-slow elementor-invisible elementor-widget elementor-widget-text-editor\" data-id=\"39e0324\" data-element_type=\"widget\" data-settings=\"{&quot;_animation&quot;:&quot;fadeIn&quot;}\" data-widget_type=\"text-editor.default\">\n\t\t\t\t<div class=\"elementor-widget-container\">\n\t\t\t\t\t\t\t\t\t&#8220;Quando comecei a terapia, estava em uma crise total, angustiada, perdida, pensava completamente diferente do que penso hoje, era muito pessimista e sofria por anteced\u00eancia, a terapia me ajudou demais, tanto profissionalmente quanto na minha vida pessoal, tenho hoje uma vis\u00e3o completamente diferente de todas as situa\u00e7\u00f5es, me sinto muito leve com minha vida e escolhas, Recomendo sempre pra todos que fa\u00e7am terapia, independente de qual situa\u00e7\u00e3o est\u00e1 vivendo, \u00e9 MARAVILHOSO! Obrigada Renner por tudo!&#8221; <strong><span style=\"color: #a5785d;\">Cirurgi\u00e3 Dentista, 25 anos<\/span><\/strong>\t\t\t\t\t\t\t\t<\/div>\n\t\t\t\t<\/div>\n\t\t\t\t<div class=\"elementor-element elementor-element-0ae384d animated-slow elementor-invisible elementor-widget elementor-widget-text-editor\" data-id=\"0ae384d\" data-element_type=\"widget\" data-settings=\"{&quot;_animation&quot;:&quot;fadeIn&quot;}\" data-widget_type=\"text-editor.default\">\n\t\t\t\t<div class=\"elementor-widget-container\">\n\t\t\t\t\t\t\t\t\t&#8220;Ajuda efetiva, busca pela quieta\u00e7\u00e3o das quest\u00f5es que atormentam quem busca aux\u00edlio.&#8221; <strong><span style=\"color: #a5785d;\">An\u00f4nimo, 25 anos<\/span><\/strong>\t\t\t\t\t\t\t\t<\/div>\n\t\t\t\t<\/div>\n\t\t\t\t<div class=\"elementor-element elementor-element-450cde3 animated-slow elementor-invisible elementor-widget elementor-widget-text-editor\" data-id=\"450cde3\" data-element_type=\"widget\" data-settings=\"{&quot;_animation&quot;:&quot;fadeIn&quot;}\" data-widget_type=\"text-editor.default\">\n\t\t\t\t<div class=\"elementor-widget-container\">\n\t\t\t\t\t\t\t\t\t&#8220;Minha experi\u00eancia com a terapia foi enriquecedora e bastante transformadora. Busquei a terapia pois me encontrava em um estado muito dif\u00edcil e consegui me entender e me aceitar de maneira muito melhor. O espa\u00e7o da cl\u00ednica \u00e9 bastante aconchegante e acolhedor, rapidamente voc\u00ea sente que aquele \u00e9 um local seguro e confi\u00e1vel. A partir das sess\u00f5es consegui me enxergar de uma maneira muito diferente e me deparei com quest\u00f5es e solu\u00e7\u00f5es que me mudaram profundamente. As t\u00e9cnicas e a forma como o Renner conduz as sess\u00f5es me surpreenderam positivamente, o tratamento humano e a empatia que o Renner tem s\u00e3o tra\u00e7os que v\u00e3o al\u00e9m de qualquer t\u00e9cnica e que me ajudaram muito no meu processo. Mesmo n\u00e3o frequentando mais a cl\u00ednica sinto que a forma de me ver e ver o mundo que me rodeia mudaram drasticamente. Depois da experi\u00eancia que tive sempre indico terapia, e principalmente o Renner, para meu amigos.&#8221; <strong><span style=\"color: #a5785d;\">Advogado, 29 anos<\/span><\/strong>\t\t\t\t\t\t\t\t<\/div>\n\t\t\t\t<\/div>\n\t\t\t\t<div class=\"elementor-element elementor-element-83bbaf0 animated-slow elementor-invisible elementor-widget elementor-widget-text-editor\" data-id=\"83bbaf0\" data-element_type=\"widget\" data-settings=\"{&quot;_animation&quot;:&quot;fadeIn&quot;}\" data-widget_type=\"text-editor.default\">\n\t\t\t\t<div class=\"elementor-widget-container\">\n\t\t\t\t\t\t\t\t\t&#8220;Magn\u00edfico, tem sido de suma import\u00e2ncia, me tirou do fundo do po\u00e7o, enfim me trouxe de volta \u00e0 vida.&#8221; <strong><span style=\"color: #a5785d;\">Promoter de festas, 40 anos<\/span><\/strong>\t\t\t\t\t\t\t\t<\/div>\n\t\t\t\t<\/div>\n\t\t\t\t<div class=\"elementor-element elementor-element-cc41a82 animated-slow elementor-invisible elementor-widget elementor-widget-text-editor\" data-id=\"cc41a82\" data-element_type=\"widget\" data-settings=\"{&quot;_animation&quot;:&quot;fadeIn&quot;}\" data-widget_type=\"text-editor.default\">\n\t\t\t\t<div class=\"elementor-widget-container\">\n\t\t\t\t\t\t\t\t\t&#8220;Foi \u00f3timo, pois foi em um momento de grande confus\u00e3o emocional que interferiu diretamente na tomada das minhas decis\u00f5es. Por mais dif\u00edcil que foi enfrentar tudo, ter o auxilio de um profissional foi essencial. O profissional \u00e9 comprometido, o local de atendimento \u00e9 agrad\u00e1vel e os tratamentos excelentes.&#8221; <strong><span style=\"color: #a5785d;\">Auxiliar fiscal, 24 anos<\/span><\/strong>\t\t\t\t\t\t\t\t<\/div>\n\t\t\t\t<\/div>\n\t\t\t\t<div class=\"elementor-element elementor-element-33dec17 animated-slow elementor-invisible elementor-widget elementor-widget-text-editor\" data-id=\"33dec17\" data-element_type=\"widget\" data-settings=\"{&quot;_animation&quot;:&quot;fadeIn&quot;}\" data-widget_type=\"text-editor.default\">\n\t\t\t\t<div class=\"elementor-widget-container\">\n\t\t\t\t\t\t\t\t\t&#8220;A experi\u00eancia vivida durante o processo terap\u00eautico t\u00eam sido a melhor poss\u00edvel. J\u00e1 havia feito sess\u00f5es de psicoterapia anteriormente e n\u00e3o havia tirado tanto proveito como tenho tirado agora. Desde a primeira sess\u00e3o com o Renner tenho sentido um grande crescimento pessoal. As sess\u00f5es me servem para instigar d\u00favidas de como tenho encarado os processos pessoais e ao criar tais questionamentos o psic\u00f3logo nos leva a encontrar a melhor maneira de encar\u00e1-los.\u00a0De maneira geral n\u00e3o tenho nenhuma queixa ao processo terap\u00eautico como um todo. Desde a primeira sess\u00e3o me senti completamente acolhido e tive abertura para tratar todo tipo de problema pessoal e mais importante ainda, expressar sentimentos o que sempre foi um desafio para mim.&#8221; <strong><span style=\"color: #a5785d;\">Estudante, 27 anos<\/span><\/strong>\t\t\t\t\t\t\t\t<\/div>\n\t\t\t\t<\/div>\n\t\t\t\t<div class=\"elementor-element elementor-element-a3cdaa2 animated-slow elementor-invisible elementor-widget elementor-widget-text-editor\" data-id=\"a3cdaa2\" data-element_type=\"widget\" data-settings=\"{&quot;_animation&quot;:&quot;fadeIn&quot;}\" data-widget_type=\"text-editor.default\">\n\t\t\t\t<div class=\"elementor-widget-container\">\n\t\t\t\t\t\t\t\t\t&#8220;Local super agrad\u00e1vel e tranquilo. A terapia me ajudou a enxergar muita coisa al\u00e9m do que via e sentia.&#8221; <strong><span style=\"color: #a5785d;\">Enfermeira, 31 anos<\/span><\/strong>\t\t\t\t\t\t\t\t<\/div>\n\t\t\t\t<\/div>\n\t\t\t\t<div class=\"elementor-element elementor-element-52e0009 animated-slow elementor-invisible elementor-widget elementor-widget-text-editor\" data-id=\"52e0009\" data-element_type=\"widget\" data-settings=\"{&quot;_animation&quot;:&quot;fadeIn&quot;}\" data-widget_type=\"text-editor.default\">\n\t\t\t\t<div class=\"elementor-widget-container\">\n\t\t\t\t\t\t\t\t\t&#8220;Ol\u00e1, Renner, o acompanhamento terap\u00eautico contigo tem sido muito importante para mim e, gra\u00e7as a sua abordagem tranquila e que me permite refletir sobre as quest\u00f5es que venho trazendo, observo uma melhora em meu comportamento da forma como almejo. Em nossas conversas, eu encontro um ambiente favor\u00e1vel e imparcial para trazer minhas quest\u00f5es e, muitas vezes, apenas de poder falar, j\u00e1 me ajuda muito a entender melhor as situa\u00e7\u00f5es me permitindo ver de fora situa\u00e7\u00f5es que pareciam monstruosas e, dessa forma, perceber que se trata de algo muito menor.&#8221; <strong><span style=\"color: #a5785d;\">Vendedora, 31 anos<\/span><\/strong>\t\t\t\t\t\t\t\t<\/div>\n\t\t\t\t<\/div>\n\t\t\t\t<div class=\"elementor-element elementor-element-4badfc5 animated-slow elementor-invisible elementor-widget elementor-widget-text-editor\" data-id=\"4badfc5\" data-element_type=\"widget\" data-settings=\"{&quot;_animation&quot;:&quot;fadeIn&quot;}\" data-widget_type=\"text-editor.default\">\n\t\t\t\t<div class=\"elementor-widget-container\">\n\t\t\t\t\t\t\t\t\t&#8220;A experi\u00eancia terap\u00eautica com o Renner tem sido sensacional. O espa\u00e7o da cl\u00ednica \u00e9 confort\u00e1vel e acolhedor. Estou bastante satisfeita com a terapia, pois me ajudou a compreender melhor minhas emo\u00e7\u00f5es e sentimentos, a comunicar-los aos outros com mais expressividade e clareza. &#8221; <strong><span style=\"color: #a5785d;\">Advogada, 24 anos<\/span><\/strong>\t\t\t\t\t\t\t\t<\/div>\n\t\t\t\t<\/div>\n\t\t\t\t<div class=\"elementor-element elementor-element-34b39e9 animated-slow elementor-invisible elementor-widget elementor-widget-text-editor\" data-id=\"34b39e9\" data-element_type=\"widget\" data-settings=\"{&quot;_animation&quot;:&quot;fadeIn&quot;}\" data-widget_type=\"text-editor.default\">\n\t\t\t\t<div class=\"elementor-widget-container\">\n\t\t\t\t\t\t\t\t\t&#8220;Eu acho a sala bem ventilada, agrad\u00e1vel e a terapia me ajudou a recuperar depress\u00e3o. O Renner como psic\u00f3logo \u00e9 bastante acolhedor, deixa a gente a vontade, d\u00e1 aten\u00e7\u00e3o e \u00e9 interessado em ajudar. Hoje em me sinto melhor e capaz de para voltar a trabalhar e estudar.&#8221; <strong><span style=\"color: #a5785d;\">Servi\u00e7os gerais, 52 anos<\/span><\/strong>\t\t\t\t\t\t\t\t<\/div>\n\t\t\t\t<\/div>\n\t\t\t\t<div class=\"elementor-element elementor-element-b3f5085 animated-slow elementor-invisible elementor-widget elementor-widget-text-editor\" data-id=\"b3f5085\" data-element_type=\"widget\" data-settings=\"{&quot;_animation&quot;:&quot;fadeIn&quot;}\" data-widget_type=\"text-editor.default\">\n\t\t\t\t<div class=\"elementor-widget-container\">\n\t\t\t\t\t\t\t\t\t&#8220;Bom, pra mim a terapia est\u00e1 sendo muito bom. \u00a0Eu tenho me sentido melhor, ambiente agrad\u00e1vel, me deixa relaxado e tudo isso tem me ajudado no dia a dia. Tanto no trabalho quanto na escola.&#8221; <strong><span style=\"color: #a5785d;\">Soldador e montador, 24 anos<\/span><\/strong>\t\t\t\t\t\t\t\t<\/div>\n\t\t\t\t<\/div>\n\t\t\t\t<div class=\"elementor-element elementor-element-e4ffe86 animated-slow elementor-invisible elementor-widget elementor-widget-text-editor\" data-id=\"e4ffe86\" data-element_type=\"widget\" data-settings=\"{&quot;_animation&quot;:&quot;fadeIn&quot;}\" data-widget_type=\"text-editor.default\">\n\t\t\t\t<div class=\"elementor-widget-container\">\n\t\t\t\t\t\t\t\t\t&#8220;Est\u00e1 sendo muito bom o acompanhamento na terapia, estou me sentindo bem melhor que antes. Sinto que tenho algu\u00e9m com quem conversar e me orientar com as minhas dificuldades do dia a dia. Sinto confort\u00e1vel em ter uma pessoa que n\u00e3o s\u00f3 olha pra mim, mas que tamb\u00e9m se prop\u00f5e a falar de volta comigo. A terapia me ajuda a relaxar e, me coloca em situa\u00e7\u00f5es do cotidiano para que eu possa ter uma melhor vis\u00e3o de com reagir a essas situa\u00e7\u00f5es. O espa\u00e7o onde ocorrem as sess\u00f5es \u00e9 bem agrad\u00e1vel, bastante confort\u00e1vel. Acho que o trabalho est\u00e1 sendo bem realizado, bota o paciente de frente de suas dificuldades e mostra maneiras de como lidar com elas.&#8221; <strong><span style=\"color: #a5785d;\">An\u00f4nimo<\/span><\/strong>\t\t\t\t\t\t\t\t<\/div>\n\t\t\t\t<\/div>\n\t\t\t\t<div class=\"elementor-element elementor-element-4d25fc4 animated-slow elementor-invisible elementor-widget elementor-widget-text-editor\" data-id=\"4d25fc4\" data-element_type=\"widget\" data-settings=\"{&quot;_animation&quot;:&quot;fadeIn&quot;}\" data-widget_type=\"text-editor.default\">\n\t\t\t\t<div class=\"elementor-widget-container\">\n\t\t\t\t\t\t\t\t\t&#8220;O acompanhamento psicol\u00f3gico que realizamos foi de fundamental import\u00e2ncia para que eu me libertasse do transtorno de ansiedade pelo qual estava passando, voc\u00ea me mostrou sa\u00eddas quando tudo parecia n\u00e3o ter solu\u00e7\u00e3o, e se n\u00e3o fosse pelo trabalho que realizamos juntos muito provavelmente ainda estaria enfrentando esse problema. Te agrade\u00e7o muito pela ajuda!&#8221; <strong><span style=\"color: #a5785d;\">Estudante, 21 anos<\/span><\/strong>\t\t\t\t\t\t\t\t<\/div>\n\t\t\t\t<\/div>\n\t\t\t\t<div class=\"elementor-element elementor-element-cb262d3 animated-slow elementor-invisible elementor-widget elementor-widget-text-editor\" data-id=\"cb262d3\" data-element_type=\"widget\" data-settings=\"{&quot;_animation&quot;:&quot;fadeIn&quot;}\" data-widget_type=\"text-editor.default\">\n\t\t\t\t<div class=\"elementor-widget-container\">\n\t\t\t\t\t\t\t\t\t&#8220;Comigo a terapia est\u00e1 auxiliando muito no auto-conhecimento, e tamb\u00e9m em reflex\u00f5es sobre minhas pr\u00f3prias opini\u00f5es sobre as coisas. Anda me ajudando muito tamb\u00e9m com as minhas rela\u00e7\u00f5es sociais, que \u00e9 um ponto em que eu era muito perdido, e acabava sempre me sentindo muito s\u00f3 por n\u00e3o saber lidar muito com o conv\u00edvio social.&#8221; <strong><span style=\"color: #a5785d;\">Desenvolvedor Delphi, 22 anos<\/span><\/strong>\t\t\t\t\t\t\t\t<\/div>\n\t\t\t\t<\/div>\n\t\t\t\t<div class=\"elementor-element elementor-element-85e7355 animated-slow elementor-invisible elementor-widget elementor-widget-text-editor\" data-id=\"85e7355\" data-element_type=\"widget\" data-settings=\"{&quot;_animation&quot;:&quot;fadeIn&quot;}\" data-widget_type=\"text-editor.default\">\n\t\t\t\t<div class=\"elementor-widget-container\">\n\t\t\t\t\t\t\t\t\t&#8220;Me sinto muito acolhida e respeitada no atendimento, de forma que percebo a suspens\u00e3o de julgamentos sobre minhas demandas. De uma forma inteligente, Renner racionaliza as demandas do cliente, trazendo em alguns momentos experi\u00eancias de sua pr\u00f3pria vida para facilitar a compreens\u00e3o de sua an\u00e1lise. Sempre fico em um processo reflexivo muito grande e saio das sess\u00f5es com um desejo de mudan\u00e7a, me sentindo mais potente para fazer o que gostaria e n\u00e3o conseguia. Acredito que me transformo a cada sess\u00e3o, me sentindo mais forte para superar minhas limita\u00e7\u00f5es.&#8221; <strong><span style=\"color: #a5785d;\">Estudante, 20 anos<\/span><\/strong>\t\t\t\t\t\t\t\t<\/div>\n\t\t\t\t<\/div>\n\t\t\t\t<div class=\"elementor-element elementor-element-e938f13 animated-slow elementor-invisible elementor-widget elementor-widget-text-editor\" data-id=\"e938f13\" data-element_type=\"widget\" data-settings=\"{&quot;_animation&quot;:&quot;fadeIn&quot;}\" data-widget_type=\"text-editor.default\">\n\t\t\t\t<div class=\"elementor-widget-container\">\n\t\t\t\t\t\t\t\t\t&#8220;Eu gostei muito de fazer terapia com voc\u00ea. O sentimento de acolhimento e empatia perdurou durante todo o tempo. Uma das din\u00e2micas que mais me chamou \u00e0 aten\u00e7ao foi &#8220;portas do inconsciente&#8221;, onde consegui identificar as angustias inexplic\u00e1veis que sentia. Depois desta dinamica nao voltei mais a sentir o certo vazio existencial de sempre, a sensa\u00e7ao de falta\/tristeza. Sempre me senti a vontade para falar sobre qualquer assunto e interpretarmos os sonhos juntos sempre foi algo que apreciei, alem de bastante esclarecedor. Sinto que cresci neste percurso, aparentemente curto, mas que fez eu come\u00e7ar a me perceber melhor, gerenciar a ansiedade, definir com mais clareza o caminho profissional que quero seguir e etc. Muita gratidao! Espero poder retornar em breve.&#8221; <strong><span style=\"color: #a5785d;\">Servidor P\u00fablico, 20 anos<\/span><\/strong>\t\t\t\t\t\t\t\t<\/div>\n\t\t\t\t<\/div>\n\t\t\t\t<div class=\"elementor-element elementor-element-0a1c358 animated-slow elementor-invisible elementor-widget elementor-widget-text-editor\" data-id=\"0a1c358\" data-element_type=\"widget\" data-settings=\"{&quot;_animation&quot;:&quot;fadeIn&quot;}\" data-widget_type=\"text-editor.default\">\n\t\t\t\t<div class=\"elementor-widget-container\">\n\t\t\t\t\t\t\t\t\t&#8220;A experi\u00eancia terap\u00eautica foi uma das melhores que eu tive na vida. Se n\u00e3o a melhor, considerando que durante a terapia tudo come\u00e7ou a fluir, encaixar e minha vis\u00e3o sobre tudo foi acompanhando meu crescimento. Eu cresci, e nem sabia o quanto ainda precisava crescer. Encontrei paz em ficar comigo, em refletir sobre o que ocorre ao meu redor e me afeta. O resultado foi me sentir mais segura para entender os processo da vida, e que tudo bem n\u00e3o estar bem. Mas eu estou muito bem, e grata!&#8221; <strong><span style=\"color: #a5785d;\">Doutoranda, 31 anos<\/span><\/strong>\t\t\t\t\t\t\t\t<\/div>\n\t\t\t\t<\/div>\n\t\t\t\t<div class=\"elementor-element elementor-element-7d95a90 animated-slow elementor-invisible elementor-widget elementor-widget-text-editor\" data-id=\"7d95a90\" data-element_type=\"widget\" data-settings=\"{&quot;_animation&quot;:&quot;fadeIn&quot;}\" data-widget_type=\"text-editor.default\">\n\t\t\t\t<div class=\"elementor-widget-container\">\n\t\t\t\t\t\t\t\t\t&#8220;Foram per\u00edodos bons para reflex\u00e3o. Aprendi a lidar melhor com minhas emo\u00e7\u00f5es. Senti uma evolu\u00e7\u00e3o de como tratar meus problemas.&#8221; <strong><span style=\"color: #a5785d;\">Servidor P\u00fablico, 39 anos<\/span><\/strong>\t\t\t\t\t\t\t\t<\/div>\n\t\t\t\t<\/div>\n\t\t\t\t<div class=\"elementor-element elementor-element-ae071b7 animated-slow elementor-invisible elementor-widget elementor-widget-text-editor\" data-id=\"ae071b7\" data-element_type=\"widget\" data-settings=\"{&quot;_animation&quot;:&quot;fadeIn&quot;}\" data-widget_type=\"text-editor.default\">\n\t\t\t\t<div class=\"elementor-widget-container\">\n\t\t\t\t\t\t\t\t\t&#8220;Tenho o Renner como terapeuta a muitos anos. Procurei ele por causa de um transtorno alimentar e aos poucos vi que aquela era apenas a ponta do iceberg. Ele me ajudou muito com minha ansiedade, autoestima e mais recentemente me ajudou a passar por duas turbul\u00eancias relacionadas a sa\u00fade. Tenho certeza que a terapia me ajudou a lidar com todos os problemas de forma mais leve e acredito que principalmente sabendo passar pela dor, sem deixar que ela te afunde. Super recomendo o Renner, por seu profissionalismo, dedica\u00e7\u00e3o e disponibilidade. Renner obrigado por tudo.&#8221; <strong><span style=\"color: #a5785d;\">Engenheiro mec\u00e2nico, 36 anos<\/span><\/strong>\t\t\t\t\t\t\t\t<\/div>\n\t\t\t\t<\/div>\n\t\t\t\t\t<\/div>\n\t\t<\/div>\n\t\t\t\t\t<\/div>\n\t\t<\/section>\n\t\t\t\t\t<\/div>\n\t\t<\/div>\n\t\t\t\t\t<\/div>\n\t\t<\/section>\n\t\t\t\t<section class=\"elementor-section elementor-top-section elementor-element elementor-element-f3cafdf elementor-section-boxed elementor-section-height-default elementor-section-height-default wpr-particle-no wpr-jarallax-no wpr-parallax-no wpr-sticky-section-no wpr-equal-height-no\" data-id=\"f3cafdf\" data-element_type=\"section\" data-settings=\"{&quot;background_background&quot;:&quot;classic&quot;}\">\n\t\t\t\t\t\t<div class=\"elementor-container elementor-column-gap-default\">\n\t\t\t\t\t<div class=\"elementor-column elementor-col-50 elementor-top-column elementor-element elementor-element-be05d0a\" data-id=\"be05d0a\" data-element_type=\"column\" data-settings=\"{&quot;background_background&quot;:&quot;classic&quot;}\">\n\t\t\t<div class=\"elementor-widget-wrap elementor-element-populated\">\n\t\t\t\t\t\t<div class=\"elementor-element elementor-element-cf85be5 elementor-widget__width-initial animated-slow elementor-invisible elementor-widget elementor-widget-heading\" data-id=\"cf85be5\" data-element_type=\"widget\" data-settings=\"{&quot;_animation&quot;:&quot;fadeIn&quot;}\" data-widget_type=\"heading.default\">\n\t\t\t\t<div class=\"elementor-widget-container\">\n\t\t\t\t\t<h2 class=\"elementor-heading-title elementor-size-default\">Contato<\/h2>\t\t\t\t<\/div>\n\t\t\t\t<\/div>\n\t\t\t\t<div class=\"elementor-element elementor-element-2a293eb animated-slow elementor-widget-divider--view-line elementor-invisible elementor-widget elementor-widget-divider\" data-id=\"2a293eb\" data-element_type=\"widget\" data-settings=\"{&quot;_animation&quot;:&quot;slideInLeft&quot;,&quot;_animation_delay&quot;:100}\" data-widget_type=\"divider.default\">\n\t\t\t\t<div class=\"elementor-widget-container\">\n\t\t\t\t\t\t\t<div class=\"elementor-divider\">\n\t\t\t<span class=\"elementor-divider-separator\">\n\t\t\t\t\t\t<\/span>\n\t\t<\/div>\n\t\t\t\t\t\t<\/div>\n\t\t\t\t<\/div>\n\t\t\t\t<div class=\"elementor-element elementor-element-ac8ee29 animated-slow elementor-invisible elementor-widget elementor-widget-text-editor\" data-id=\"ac8ee29\" data-element_type=\"widget\" data-settings=\"{&quot;_animation&quot;:&quot;fadeIn&quot;}\" data-widget_type=\"text-editor.default\">\n\t\t\t\t<div class=\"elementor-widget-container\">\n\t\t\t\t\t\t\t\t\t<p style=\"text-align: left;\"><strong><span style=\"color: #a6785d;\">Email:<\/span><\/strong> psicologorenner@gmail.com<\/p>\t\t\t\t\t\t\t\t<\/div>\n\t\t\t\t<\/div>\n\t\t\t\t<div class=\"elementor-element elementor-element-f8bf6f8 elementor-align-left animated-slow elementor-mobile-align-center elementor-invisible elementor-widget elementor-widget-button\" data-id=\"f8bf6f8\" data-element_type=\"widget\" data-settings=\"{&quot;_animation&quot;:&quot;fadeIn&quot;,&quot;_animation_delay&quot;:300}\" data-widget_type=\"button.default\">\n\t\t\t\t<div class=\"elementor-widget-container\">\n\t\t\t\t\t\t\t\t\t<div class=\"elementor-button-wrapper\">\n\t\t\t\t\t<a class=\"elementor-button elementor-button-link elementor-size-xl elementor-animation-grow\" href=\"https:\/\/api.whatsapp.com\/send\/?phone=5534996873468\" target=\"_blank\">\n\t\t\t\t\t\t<span class=\"elementor-button-content-wrapper\">\n\t\t\t\t\t\t<span class=\"elementor-button-icon\">\n\t\t\t\t<i aria-hidden=\"true\" class=\"fab fa-whatsapp\"><\/i>\t\t\t<\/span>\n\t\t\t\t\t\t\t\t\t<span class=\"elementor-button-text\">Whatsapp<\/span>\n\t\t\t\t\t<\/span>\n\t\t\t\t\t<\/a>\n\t\t\t\t<\/div>\n\t\t\t\t\t\t\t\t<\/div>\n\t\t\t\t<\/div>\n\t\t\t\t<div class=\"elementor-element elementor-element-48ef2de elementor-align-left animated-slow elementor-mobile-align-center elementor-invisible elementor-widget elementor-widget-button\" data-id=\"48ef2de\" data-element_type=\"widget\" data-settings=\"{&quot;_animation&quot;:&quot;fadeIn&quot;,&quot;_animation_delay&quot;:300}\" data-widget_type=\"button.default\">\n\t\t\t\t<div class=\"elementor-widget-container\">\n\t\t\t\t\t\t\t\t\t<div class=\"elementor-button-wrapper\">\n\t\t\t\t\t<a class=\"elementor-button elementor-button-link elementor-size-xl elementor-animation-grow\" href=\"https:\/\/www.instagram.com\/renner.psicologo\/\" target=\"_blank\">\n\t\t\t\t\t\t<span class=\"elementor-button-content-wrapper\">\n\t\t\t\t\t\t<span class=\"elementor-button-icon\">\n\t\t\t\t<i aria-hidden=\"true\" class=\"fab fa-instagram\"><\/i>\t\t\t<\/span>\n\t\t\t\t\t\t\t\t\t<span class=\"elementor-button-text\">Instragram<\/span>\n\t\t\t\t\t<\/span>\n\t\t\t\t\t<\/a>\n\t\t\t\t<\/div>\n\t\t\t\t\t\t\t\t<\/div>\n\t\t\t\t<\/div>\n\t\t\t\t<div class=\"elementor-element elementor-element-06c72cc elementor-align-left animated-slow elementor-tablet-align-center elementor-mobile-align-center elementor-fixed elementor-hidden-desktop elementor-invisible elementor-widget elementor-widget-button\" data-id=\"06c72cc\" data-element_type=\"widget\" data-settings=\"{&quot;_animation&quot;:&quot;fadeIn&quot;,&quot;_animation_delay&quot;:300,&quot;_position&quot;:&quot;fixed&quot;}\" data-widget_type=\"button.default\">\n\t\t\t\t<div class=\"elementor-widget-container\">\n\t\t\t\t\t\t\t\t\t<div class=\"elementor-button-wrapper\">\n\t\t\t\t\t<a class=\"elementor-button elementor-button-link elementor-size-sm elementor-animation-grow\" href=\"https:\/\/api.whatsapp.com\/send\/?phone=5534996873468\" target=\"_blank\">\n\t\t\t\t\t\t<span class=\"elementor-button-content-wrapper\">\n\t\t\t\t\t\t<span class=\"elementor-button-icon\">\n\t\t\t\t<i aria-hidden=\"true\" class=\"fab fa-whatsapp\"><\/i>\t\t\t<\/span>\n\t\t\t\t\t\t\t\t\t<span class=\"elementor-button-text\">Chamar no Whatsapp<\/span>\n\t\t\t\t\t<\/span>\n\t\t\t\t\t<\/a>\n\t\t\t\t<\/div>\n\t\t\t\t\t\t\t\t<\/div>\n\t\t\t\t<\/div>\n\t\t\t\t\t<\/div>\n\t\t<\/div>\n\t\t\t\t<div class=\"elementor-column elementor-col-50 elementor-top-column elementor-element elementor-element-bb059db\" data-id=\"bb059db\" data-element_type=\"column\" data-settings=\"{&quot;background_background&quot;:&quot;classic&quot;}\">\n\t\t\t<div class=\"elementor-widget-wrap elementor-element-populated\">\n\t\t\t\t\t\t<div class=\"elementor-element elementor-element-7b9852a animated-slow elementor-invisible elementor-widget elementor-widget-image\" data-id=\"7b9852a\" data-element_type=\"widget\" data-settings=\"{&quot;_animation&quot;:&quot;fadeIn&quot;}\" data-widget_type=\"image.default\">\n\t\t\t\t<div class=\"elementor-widget-container\">\n\t\t\t\t\t\t\t\t\t\t\t\t\t\t\t<img loading=\"lazy\" decoding=\"async\" width=\"768\" height=\"512\" src=\"https:\/\/rennerpsicologo.com.br\/wp-content\/uploads\/2023\/08\/contato-768x512.jpg\" class=\"attachment-medium_large size-medium_large wp-image-1174\" alt=\"\" srcset=\"https:\/\/rennerpsicologo.com.br\/wp-content\/uploads\/2023\/08\/contato-768x512.jpg 768w, https:\/\/rennerpsicologo.com.br\/wp-content\/uploads\/2023\/08\/contato-300x200.jpg 300w, https:\/\/rennerpsicologo.com.br\/wp-content\/uploads\/2023\/08\/contato.jpg 840w\" sizes=\"(max-width: 768px) 100vw, 768px\" \/>\t\t\t\t\t\t\t\t\t\t\t\t\t\t\t<\/div>\n\t\t\t\t<\/div>\n\t\t\t\t\t<\/div>\n\t\t<\/div>\n\t\t\t\t\t<\/div>\n\t\t<\/section>\n\t\t\t\t<section class=\"elementor-section elementor-top-section elementor-element elementor-element-4fb5f22 elementor-section-boxed elementor-section-height-default elementor-section-height-default wpr-particle-no wpr-jarallax-no wpr-parallax-no wpr-sticky-section-no wpr-equal-height-no\" data-id=\"4fb5f22\" data-element_type=\"section\" id=\"rodape\" data-settings=\"{&quot;background_background&quot;:&quot;classic&quot;}\">\n\t\t\t\t\t\t<div class=\"elementor-container elementor-column-gap-default\">\n\t\t\t\t\t<div class=\"elementor-column elementor-col-100 elementor-top-column elementor-element elementor-element-a66e5b9\" data-id=\"a66e5b9\" data-element_type=\"column\" data-settings=\"{&quot;background_background&quot;:&quot;classic&quot;}\">\n\t\t\t<div class=\"elementor-widget-wrap elementor-element-populated\">\n\t\t\t\t\t\t<div class=\"elementor-element elementor-element-e4a912e elementor-align-right elementor-fixed elementor-widget__width-auto elementor-hidden-tablet elementor-hidden-mobile elementor-widget elementor-widget-button\" data-id=\"e4a912e\" data-element_type=\"widget\" data-settings=\"{&quot;_position&quot;:&quot;fixed&quot;}\" data-widget_type=\"button.default\">\n\t\t\t\t<div class=\"elementor-widget-container\">\n\t\t\t\t\t\t\t\t\t<div class=\"elementor-button-wrapper\">\n\t\t\t\t\t<a class=\"elementor-button elementor-button-link elementor-size-sm elementor-animation-grow\" href=\"https:\/\/api.whatsapp.com\/send\/?phone=5534996873468\" target=\"_blank\">\n\t\t\t\t\t\t<span class=\"elementor-button-content-wrapper\">\n\t\t\t\t\t\t<span class=\"elementor-button-icon\">\n\t\t\t\t<i aria-hidden=\"true\" class=\"fab fa-whatsapp\"><\/i>\t\t\t<\/span>\n\t\t\t\t\t\t\t\t\t<span class=\"elementor-button-text\">Whatsapp<\/span>\n\t\t\t\t\t<\/span>\n\t\t\t\t\t<\/a>\n\t\t\t\t<\/div>\n\t\t\t\t\t\t\t\t<\/div>\n\t\t\t\t<\/div>\n\t\t\t\t<div class=\"elementor-element elementor-element-e71efff animated-slow elementor-widget-divider--view-line elementor-invisible elementor-widget elementor-widget-divider\" data-id=\"e71efff\" data-element_type=\"widget\" data-settings=\"{&quot;_animation&quot;:&quot;slideInLeft&quot;,&quot;_animation_delay&quot;:100}\" data-widget_type=\"divider.default\">\n\t\t\t\t<div class=\"elementor-widget-container\">\n\t\t\t\t\t\t\t<div class=\"elementor-divider\">\n\t\t\t<span class=\"elementor-divider-separator\">\n\t\t\t\t\t\t<\/span>\n\t\t<\/div>\n\t\t\t\t\t\t<\/div>\n\t\t\t\t<\/div>\n\t\t\t\t<div class=\"elementor-element elementor-element-ba12b6a elementor-widget elementor-widget-heading\" data-id=\"ba12b6a\" data-element_type=\"widget\" data-widget_type=\"heading.default\">\n\t\t\t\t<div class=\"elementor-widget-container\">\n\t\t\t\t\t<h2 class=\"elementor-heading-title elementor-size-default\">Todos os direitos reservados - Psic\u00f3logo Renner Mariano - CRP 04\/44475<\/h2>\t\t\t\t<\/div>\n\t\t\t\t<\/div>\n\t\t\t\t\t<\/div>\n\t\t<\/div>\n\t\t\t\t\t<\/div>\n\t\t<\/section>\n\t\t\t\t<\/div>\n\t\t","protected":false},"excerpt":{"rendered":"<p>Sobre mim Sobre a terapia Depoimentos Entrar em contato Hamburger Toggle Menu Renner Mariano Psic\u00f3logo Cl\u00ednico CRP 04\/44475 Sobre mim Sobre a terapia Depoimentos Entrar em contato Hamburger Toggle Menu Sobre mim Sobre a terapia Depoimentos Entrar em contato Hamburger Toggle Menu Sobre mim Natural de Goi\u00e1s, mas foi em Minas Gerais que realizei minha forma\u00e7\u00e3o em Psicologia pela Universidade Federal de Uberl\u00e2ndia (UFU), conclu\u00edda em 2015. Me apaixonei pela Psicologia cl\u00ednica durante a faculdade e desde ent\u00e3o venho me dedicando intensamente a essa pr\u00e1tica. Minha fascina\u00e7\u00e3o pela mente humana me motiva a investir minha energia e meu tempo em compreender, cuidar e auxiliar outras pessoas a promoverem mudan\u00e7as profundas e desejadas em suas vidas. Ao trabalhar a hist\u00f3ria pessoal de cada um, busco fortalecer as pessoas para que vivam com dignidade e encontre as respostas e caminhos que procuram dentro de si mesmas. Em Uberl\u00e2ndia, trabalhava em meu consult\u00f3rio presencial desde 2015, mas no in\u00edcio de 2022 realizei uma grande mudan\u00e7a e assumi um estilo de vida n\u00f4made, viajando por todo o Brasil e trabalhando apenas com atendimentos online. Dentre os v\u00e1rios prop\u00f3sitos da minha viagem, busco um&nbsp;crescimento pessoal intensivo&nbsp;a partir do constante contato com desafios, pessoas e culturas diversas. Acredito que isso enriquece minha vida e me desenvolve ainda mais enquanto terapeuta. Enquanto terapeuta busco mergulhar profundamente na alma da outra pessoa para auxili\u00e1-la a compreender sua hist\u00f3ria e suas din\u00e2micas, confiando que a partir desse processo a pessoa encontrar\u00e1 a for\u00e7a e a energia necess\u00e1rias para guiar sua pr\u00f3pria vida em dire\u00e7\u00e3o ao que acredita. Sobre a terapia Os atendimentos, geralmente, s\u00e3o semanais, com dura\u00e7\u00e3o m\u00e9dia de 50 minutos e podem ser realizados pela manh\u00e3, tarde ou noite, desde que marcados com anteced\u00eancia. As sess\u00f5es s\u00e3o realizadas virtualmente utilizando celular ou computador. Na primeira sess\u00e3o, busco ouvir e identificar contigo quais s\u00e3o os sofrimentos principais, os objetivos desejados, os recursos e habilidades que dispomos, os obst\u00e1culos mais fortes e a motiva\u00e7\u00e3o em rela\u00e7\u00e3o aos objetivos. Com isso, podemos construir uma no\u00e7\u00e3o sobre os caminhos que iremos priorizar nas sess\u00f5es seguintes. Da segunda sess\u00e3o em diante, passamos a explorar com mais profundidade os principais temas que voc\u00ea deseja trabalhar. A terapia \u00e9 um modo de nos reunirmos para conversar sobre algo de grande import\u00e2ncia e repensar as a\u00e7\u00f5es. Assim, inicia-se um processo terap\u00eautico em seus aspectos emocionais, racionais, sociais e comportamentais. N\u00e3o se trata de uma conversa qualquer. Enquanto terapeuta, tenho o objetivo de facilitar uma conversa especial em que haja um verdadeiro acolhimento, uma aceita\u00e7\u00e3o da sua pessoa como um todo, suas virtudes e suas falhas, suas facilidades e dificuldades. H\u00e1 um espa\u00e7o de respeito no qual construiremos aos poucos um clima de confian\u00e7a para que voc\u00ea possa compreender, cada vez com mais profundidade, o seu modo de funcionamento que tem te levado ao sofrimento, os sentimentos associados e as estrat\u00e9gias que podem ser modificadas. \u00c0 medida que os objetivos v\u00e3o sendo alcan\u00e7ados, fazemos uma retomada para refletir se damos por conclu\u00edda essa etapa do processo ou se passamos a trabalhar novas quest\u00f5es. A Psicoterapia pode ser breve e focada em um tema, ou pode ser um grande aprofundamento na compreens\u00e3o da personalidade\u00a0e da din\u00e2mica do seu funcionamento, ampliando o entendimento sobre seus padr\u00f5es de sentimentos, pensamentos e comportamentos. Trata-se, nesse segundo caso, de um processo mais completo, complexo, longo e poderoso, visando libertar-se da repeti\u00e7\u00e3o de sofrimentos que j\u00e1 n\u00e3o cabem mais no presente. A pessoa que recebe uma ajuda psicoterap\u00eautica, utilizando a rela\u00e7\u00e3o humana com o terapeuta, dedica uma grande aten\u00e7\u00e3o cuidando de si mesma, assumindo a responsabilidade por sua vida e pelas mudan\u00e7as necess\u00e1rias. Dentro da Psicologia, encontramos uma ampla variedade de teorias, abordagens e pr\u00e1ticas. Como terapeuta, fa\u00e7o uso de diversas contribui\u00e7\u00f5es, embora minha principal refer\u00eancia de trabalho seja a Abordagem Centrada na Pessoa (ACP), desenvolvida inicialmente pelo psic\u00f3logo Carl Rogers (1902-1987). Dentro deste referencial, h\u00e1 tr\u00eas princ\u00edpios norteadores que direcionam tanto a terapia quanto a postura do terapeuta: 1 &#8211; Toda pessoa possui intrinsecamente uma tend\u00eancia ao crescimento e desenvolvimento. O ambiente em que cada indiv\u00edduo vive pode facilitar ou dificultar esse processo. Portanto, o objetivo do terapeuta \u00e9 auxiliar na cria\u00e7\u00e3o de um ambiente que favore\u00e7a o desenvolvimento da pessoa atendida. Isso \u00e9 alcan\u00e7ado por meio do acolhimento e da aceita\u00e7\u00e3o das express\u00f5es que o cliente sinta necessidade de compartilhar. Aceitar n\u00e3o implica concordar, mas sim acreditar que essas experi\u00eancias representam a verdade vivida por ela, a perspectiva dela. Isso estabelece um espa\u00e7o no qual a pessoa atendida pode expressar-se sem receio de discrimina\u00e7\u00e3o, julgamento, corre\u00e7\u00e3o, cr\u00edtica, condena\u00e7\u00e3o, avalia\u00e7\u00e3o ou diagn\u00f3stico. H\u00e1, de fato, um ambiente de abertura onde tudo pode ser discutido, explorado e trabalhado. Conforme a pessoa atendida mergulha em um profundo autoconhecimento e em suas verdades interiores, o terapeuta nutre a confian\u00e7a de que ela descobrir\u00e1 seus pr\u00f3prios caminhos, recursos e solu\u00e7\u00f5es, sem depender que algu\u00e9m lhe comande e diga o que deve ou n\u00e3o fazer. 2 &#8211; A terapia N\u00c3O opera da maneira como muitos imaginam: a pessoa exp\u00f5e o problema, o terapeuta avalia e fornece a solu\u00e7\u00e3o. Trata-se de um processo muito mais complexo, no qual o foco da terapia n\u00e3o \u00e9 &#8220;o que o terapeuta sabe&#8221;, mas sim o autoconhecimento que a pessoa atendida possui sobre si mesma. Ser verdadeiramente emp\u00e1tico envolve esfor\u00e7ar-se para sentir e compreender a partir da perspectiva da pessoa atendida, conforme ela a vivencia internamente. O terapeuta se esfor\u00e7a para captar de forma precisa os sentimentos e significados pessoais expressos e os comunica ao cliente, buscando sua confirma\u00e7\u00e3o. \u00c0 medida que a conversa se desenvolve, a pessoa pode expandir sua pr\u00f3pria compreens\u00e3o e descobrir novas perspectivas, op\u00e7\u00f5es, sentimentos, a\u00e7\u00f5es, valores, e assim por diante. 3 &#8211; O terceiro ponto fundamental \u00e9 que o terapeuta deve se apresentar de maneira aut\u00eantica perante o cliente, sendo uma pessoa real em vez de representar um &#8220;papel&#8221;. O terapeuta deve ser honesto em rela\u00e7\u00e3o aos seus pr\u00f3prios pensamentos e sentimentos, suas d\u00favidas e incertezas. N\u00e3o \u00e9 necess\u00e1rio que ele diga coisas apenas para acalmar<\/p>\n","protected":false},"author":1,"featured_media":0,"parent":0,"menu_order":0,"comment_status":"closed","ping_status":"closed","template":"elementor_canvas","meta":{"_monsterinsights_skip_tracking":false,"_monsterinsights_sitenote_active":false,"_monsterinsights_sitenote_note":"","_monsterinsights_sitenote_category":0,"footnotes":""},"yoast_head":"<!-- This site is optimized with the Yoast SEO plugin v24.5 - https:\/\/yoast.com\/wordpress\/plugins\/seo\/ -->\n<title>Psicoterapia Online - Psic\u00f3logo Renner Mariano - Agende sua sess\u00e3o de terapia online<\/title>\n<meta name=\"description\" content=\"Em busca de equil\u00edbrio emocional e bem-estar? Estou aqui para oferecer apoio personalizados em cada passo da sua jornada. Com experi\u00eancia em lidar com desafios e promover sa\u00fade mental, convido voc\u00ea a agendar uma consulta para explorarmos juntos formas de alcan\u00e7ar uma vida mais digna e saud\u00e1vel.\" \/>\n<meta name=\"robots\" content=\"index, follow, max-snippet:-1, max-image-preview:large, max-video-preview:-1\" \/>\n<link rel=\"canonical\" href=\"https:\/\/rennerpsicologo.com.br\/\" \/>\n<meta property=\"og:locale\" content=\"en_US\" \/>\n<meta property=\"og:type\" content=\"article\" \/>\n<meta property=\"og:title\" content=\"Psicoterapia Online - Psic\u00f3logo Renner Mariano - Agende sua sess\u00e3o de terapia online\" \/>\n<meta property=\"og:description\" content=\"Em busca de equil\u00edbrio emocional e bem-estar? Estou aqui para oferecer apoio personalizados em cada passo da sua jornada. Com experi\u00eancia em lidar com desafios e promover sa\u00fade mental, convido voc\u00ea a agendar uma consulta para explorarmos juntos formas de alcan\u00e7ar uma vida mais digna e saud\u00e1vel.\" \/>\n<meta property=\"og:url\" content=\"https:\/\/rennerpsicologo.com.br\/\" \/>\n<meta property=\"og:site_name\" content=\"Psic\u00f3logo Renner Mariano\" \/>\n<meta property=\"article:modified_time\" content=\"2025-03-22T18:36:36+00:00\" \/>\n<meta property=\"og:image\" content=\"https:\/\/rennerpsicologo.com.br\/wp-content\/uploads\/2024\/01\/HQ-9251-scaled-e1704119909297.jpg\" \/>\n\t<meta property=\"og:image:width\" content=\"1706\" \/>\n\t<meta property=\"og:image:height\" content=\"1706\" \/>\n\t<meta property=\"og:image:type\" content=\"image\/jpeg\" \/>\n<meta name=\"twitter:card\" content=\"summary_large_image\" \/>\n<meta name=\"twitter:label1\" content=\"Est. reading time\" \/>\n\t<meta name=\"twitter:data1\" content=\"23 minutes\" \/>\n<script type=\"application\/ld+json\" class=\"yoast-schema-graph\">{\"@context\":\"https:\/\/schema.org\",\"@graph\":[{\"@type\":\"WebPage\",\"@id\":\"https:\/\/rennerpsicologo.com.br\/\",\"url\":\"https:\/\/rennerpsicologo.com.br\/\",\"name\":\"Psicoterapia Online - Psic\u00f3logo Renner Mariano - Agende sua sess\u00e3o de terapia online\",\"isPartOf\":{\"@id\":\"https:\/\/rennerpsicologo.com.br\/#website\"},\"primaryImageOfPage\":{\"@id\":\"https:\/\/rennerpsicologo.com.br\/#primaryimage\"},\"image\":{\"@id\":\"https:\/\/rennerpsicologo.com.br\/#primaryimage\"},\"thumbnailUrl\":\"http:\/\/rennerpsicologo.com.br\/wp-content\/uploads\/2024\/01\/HQ-9251-scaled-e1704119909297-1024x1024.jpg\",\"datePublished\":\"2023-08-17T12:53:34+00:00\",\"dateModified\":\"2025-03-22T18:36:36+00:00\",\"description\":\"Em busca de equil\u00edbrio emocional e bem-estar? Estou aqui para oferecer apoio personalizados em cada passo da sua jornada. Com experi\u00eancia em lidar com desafios e promover sa\u00fade mental, convido voc\u00ea a agendar uma consulta para explorarmos juntos formas de alcan\u00e7ar uma vida mais digna e saud\u00e1vel.\",\"breadcrumb\":{\"@id\":\"https:\/\/rennerpsicologo.com.br\/#breadcrumb\"},\"inLanguage\":\"en-US\",\"potentialAction\":[{\"@type\":\"ReadAction\",\"target\":[\"https:\/\/rennerpsicologo.com.br\/\"]}]},{\"@type\":\"ImageObject\",\"inLanguage\":\"en-US\",\"@id\":\"https:\/\/rennerpsicologo.com.br\/#primaryimage\",\"url\":\"https:\/\/rennerpsicologo.com.br\/wp-content\/uploads\/2024\/01\/HQ-9251-scaled-e1704119909297.jpg\",\"contentUrl\":\"https:\/\/rennerpsicologo.com.br\/wp-content\/uploads\/2024\/01\/HQ-9251-scaled-e1704119909297.jpg\",\"width\":1706,\"height\":1706},{\"@type\":\"BreadcrumbList\",\"@id\":\"https:\/\/rennerpsicologo.com.br\/#breadcrumb\",\"itemListElement\":[{\"@type\":\"ListItem\",\"position\":1,\"name\":\"In\u00edcio\",\"item\":\"https:\/\/rennerpsicologo.com.br\/\"},{\"@type\":\"ListItem\",\"position\":2,\"name\":\"Psicoterapia Online\"}]},{\"@type\":\"WebSite\",\"@id\":\"https:\/\/rennerpsicologo.com.br\/#website\",\"url\":\"https:\/\/rennerpsicologo.com.br\/\",\"name\":\"Psic\u00f3logo Renner Mariano\",\"description\":\"Psicoterapia online\",\"publisher\":{\"@id\":\"https:\/\/rennerpsicologo.com.br\/#\/schema\/person\/0198267d92d811cec2e0cd938bb715d8\"},\"potentialAction\":[{\"@type\":\"SearchAction\",\"target\":{\"@type\":\"EntryPoint\",\"urlTemplate\":\"https:\/\/rennerpsicologo.com.br\/?s={search_term_string}\"},\"query-input\":{\"@type\":\"PropertyValueSpecification\",\"valueRequired\":true,\"valueName\":\"search_term_string\"}}],\"inLanguage\":\"en-US\"},{\"@type\":[\"Person\",\"Organization\"],\"@id\":\"https:\/\/rennerpsicologo.com.br\/#\/schema\/person\/0198267d92d811cec2e0cd938bb715d8\",\"name\":\"rennerpsicologo.com.br\",\"image\":{\"@type\":\"ImageObject\",\"inLanguage\":\"en-US\",\"@id\":\"https:\/\/rennerpsicologo.com.br\/#\/schema\/person\/image\/\",\"url\":\"https:\/\/rennerpsicologo.com.br\/wp-content\/uploads\/2023\/08\/cropped-IMG_3863-scaled-1.jpg\",\"contentUrl\":\"https:\/\/rennerpsicologo.com.br\/wp-content\/uploads\/2023\/08\/cropped-IMG_3863-scaled-1.jpg\",\"width\":512,\"height\":512,\"caption\":\"rennerpsicologo.com.br\"},\"logo\":{\"@id\":\"https:\/\/rennerpsicologo.com.br\/#\/schema\/person\/image\/\"},\"sameAs\":[\"http:\/\/rennerpsicologo.com.br\"]}]}<\/script>\n<!-- \/ Yoast SEO plugin. -->","yoast_head_json":{"title":"Psicoterapia Online - Psic\u00f3logo Renner Mariano - Agende sua sess\u00e3o de terapia online","description":"Em busca de equil\u00edbrio emocional e bem-estar? Estou aqui para oferecer apoio personalizados em cada passo da sua jornada. Com experi\u00eancia em lidar com desafios e promover sa\u00fade mental, convido voc\u00ea a agendar uma consulta para explorarmos juntos formas de alcan\u00e7ar uma vida mais digna e saud\u00e1vel.","robots":{"index":"index","follow":"follow","max-snippet":"max-snippet:-1","max-image-preview":"max-image-preview:large","max-video-preview":"max-video-preview:-1"},"canonical":"https:\/\/rennerpsicologo.com.br\/","og_locale":"en_US","og_type":"article","og_title":"Psicoterapia Online - Psic\u00f3logo Renner Mariano - Agende sua sess\u00e3o de terapia online","og_description":"Em busca de equil\u00edbrio emocional e bem-estar? Estou aqui para oferecer apoio personalizados em cada passo da sua jornada. Com experi\u00eancia em lidar com desafios e promover sa\u00fade mental, convido voc\u00ea a agendar uma consulta para explorarmos juntos formas de alcan\u00e7ar uma vida mais digna e saud\u00e1vel.","og_url":"https:\/\/rennerpsicologo.com.br\/","og_site_name":"Psic\u00f3logo Renner Mariano","article_modified_time":"2025-03-22T18:36:36+00:00","og_image":[{"width":1706,"height":1706,"url":"https:\/\/rennerpsicologo.com.br\/wp-content\/uploads\/2024\/01\/HQ-9251-scaled-e1704119909297.jpg","type":"image\/jpeg"}],"twitter_card":"summary_large_image","twitter_misc":{"Est. reading time":"23 minutes"},"schema":{"@context":"https:\/\/schema.org","@graph":[{"@type":"WebPage","@id":"https:\/\/rennerpsicologo.com.br\/","url":"https:\/\/rennerpsicologo.com.br\/","name":"Psicoterapia Online - Psic\u00f3logo Renner Mariano - Agende sua sess\u00e3o de terapia online","isPartOf":{"@id":"https:\/\/rennerpsicologo.com.br\/#website"},"primaryImageOfPage":{"@id":"https:\/\/rennerpsicologo.com.br\/#primaryimage"},"image":{"@id":"https:\/\/rennerpsicologo.com.br\/#primaryimage"},"thumbnailUrl":"http:\/\/rennerpsicologo.com.br\/wp-content\/uploads\/2024\/01\/HQ-9251-scaled-e1704119909297-1024x1024.jpg","datePublished":"2023-08-17T12:53:34+00:00","dateModified":"2025-03-22T18:36:36+00:00","description":"Em busca de equil\u00edbrio emocional e bem-estar? Estou aqui para oferecer apoio personalizados em cada passo da sua jornada. Com experi\u00eancia em lidar com desafios e promover sa\u00fade mental, convido voc\u00ea a agendar uma consulta para explorarmos juntos formas de alcan\u00e7ar uma vida mais digna e saud\u00e1vel.","breadcrumb":{"@id":"https:\/\/rennerpsicologo.com.br\/#breadcrumb"},"inLanguage":"en-US","potentialAction":[{"@type":"ReadAction","target":["https:\/\/rennerpsicologo.com.br\/"]}]},{"@type":"ImageObject","inLanguage":"en-US","@id":"https:\/\/rennerpsicologo.com.br\/#primaryimage","url":"https:\/\/rennerpsicologo.com.br\/wp-content\/uploads\/2024\/01\/HQ-9251-scaled-e1704119909297.jpg","contentUrl":"https:\/\/rennerpsicologo.com.br\/wp-content\/uploads\/2024\/01\/HQ-9251-scaled-e1704119909297.jpg","width":1706,"height":1706},{"@type":"BreadcrumbList","@id":"https:\/\/rennerpsicologo.com.br\/#breadcrumb","itemListElement":[{"@type":"ListItem","position":1,"name":"In\u00edcio","item":"https:\/\/rennerpsicologo.com.br\/"},{"@type":"ListItem","position":2,"name":"Psicoterapia Online"}]},{"@type":"WebSite","@id":"https:\/\/rennerpsicologo.com.br\/#website","url":"https:\/\/rennerpsicologo.com.br\/","name":"Psic\u00f3logo Renner Mariano","description":"Psicoterapia online","publisher":{"@id":"https:\/\/rennerpsicologo.com.br\/#\/schema\/person\/0198267d92d811cec2e0cd938bb715d8"},"potentialAction":[{"@type":"SearchAction","target":{"@type":"EntryPoint","urlTemplate":"https:\/\/rennerpsicologo.com.br\/?s={search_term_string}"},"query-input":{"@type":"PropertyValueSpecification","valueRequired":true,"valueName":"search_term_string"}}],"inLanguage":"en-US"},{"@type":["Person","Organization"],"@id":"https:\/\/rennerpsicologo.com.br\/#\/schema\/person\/0198267d92d811cec2e0cd938bb715d8","name":"rennerpsicologo.com.br","image":{"@type":"ImageObject","inLanguage":"en-US","@id":"https:\/\/rennerpsicologo.com.br\/#\/schema\/person\/image\/","url":"https:\/\/rennerpsicologo.com.br\/wp-content\/uploads\/2023\/08\/cropped-IMG_3863-scaled-1.jpg","contentUrl":"https:\/\/rennerpsicologo.com.br\/wp-content\/uploads\/2023\/08\/cropped-IMG_3863-scaled-1.jpg","width":512,"height":512,"caption":"rennerpsicologo.com.br"},"logo":{"@id":"https:\/\/rennerpsicologo.com.br\/#\/schema\/person\/image\/"},"sameAs":["http:\/\/rennerpsicologo.com.br"]}]}},"_links":{"self":[{"href":"https:\/\/rennerpsicologo.com.br\/index.php\/wp-json\/wp\/v2\/pages\/11"}],"collection":[{"href":"https:\/\/rennerpsicologo.com.br\/index.php\/wp-json\/wp\/v2\/pages"}],"about":[{"href":"https:\/\/rennerpsicologo.com.br\/index.php\/wp-json\/wp\/v2\/types\/page"}],"author":[{"embeddable":true,"href":"https:\/\/rennerpsicologo.com.br\/index.php\/wp-json\/wp\/v2\/users\/1"}],"replies":[{"embeddable":true,"href":"https:\/\/rennerpsicologo.com.br\/index.php\/wp-json\/wp\/v2\/comments?post=11"}],"version-history":[{"count":1960,"href":"https:\/\/rennerpsicologo.com.br\/index.php\/wp-json\/wp\/v2\/pages\/11\/revisions"}],"predecessor-version":[{"id":2055,"href":"https:\/\/rennerpsicologo.com.br\/index.php\/wp-json\/wp\/v2\/pages\/11\/revisions\/2055"}],"wp:attachment":[{"href":"https:\/\/rennerpsicologo.com.br\/index.php\/wp-json\/wp\/v2\/media?parent=11"}],"curies":[{"name":"wp","href":"https:\/\/api.w.org\/{rel}","templated":true}]}}